
{"id":15666,"date":"2024-09-13T14:40:49","date_gmt":"2024-09-13T12:40:49","guid":{"rendered":"https:\/\/cortelazzi.cz\/privacy-policy\/"},"modified":"2024-11-21T15:30:05","modified_gmt":"2024-11-21T14:30:05","slug":"privacy-policy","status":"publish","type":"page","link":"https:\/\/cortelazzi.cz\/cs\/privacy-policy\/","title":{"rendered":"Privacy policy"},"content":{"rendered":"\n<p>Max Food SE<\/p>\n\n\n\n<p>Za Trat\u00ed 235<br>252 19&nbsp;Chr\u00e1\u0161?any<br>P.IVA CZ27149897<\/p>\n\n\n\n<p>Cod. Doc. 23646.51.488264.2969067<\/p>\n\n\n\n<h2 class=\"wp-block-heading\"><strong>Informace o zpracov\u00e1n\u00ed osobn\u00edch \u00fadaj\u016f ex \u010dl. 13-14 na\u0159\u00edzen\u00ed EU 2016\/679<\/strong><\/h2>\n\n\n\n<h3 class=\"wp-block-heading\"><strong>Z\u00fa\u010dastn\u011bn\u00e9 strany: Navig\u00e1to\u0159i port\u00e1lu www.cortelazzi.cz.<\/strong><strong><\/strong><\/h3>\n\n\n\n<p>Spole\u010dnost Max Food SE jako spr\u00e1vce va\u0161ich osobn\u00edch \u00fadaj\u016f na z\u00e1klad\u011b a v souladu s na\u0159\u00edzen\u00edm EU 2016\/679 (d\u00e1le jen \u201eGDPR\u201c) v\u00e1s t\u00edmto informuje, \u017ee v\u00fd\u0161e uveden\u00e9 na\u0159\u00edzen\u00ed zaji\u0161\u0165uje ochranu dot\u010den\u00fdch stran v souvislosti se zpracov\u00e1n\u00edm osobn\u00edch \u00fadaj\u016f a \u017ee toto zpracov\u00e1n\u00ed bude zalo\u017eeno na z\u00e1sad\u00e1ch spr\u00e1vnosti, z\u00e1konnosti, transparentnosti a ochrany va\u0161eho d\u016fv\u011brn\u00e9ho charakteru a va\u0161ich pr\u00e1v.<\/p>\n\n\n\n<p>Va\u0161e osobn\u00ed \u00fadaje budou zpracov\u00e1v\u00e1ny v souladu s pr\u00e1vn\u00edmi ustanoven\u00edmi v\u00fd\u0161e uveden\u00fdch pr\u00e1vn\u00edch p\u0159edpis\u016f a v nich obsa\u017een\u00fdmi povinnostmi ml\u010denlivosti.<\/p>\n\n\n\n<p>\u00da\u010dely a pr\u00e1vn\u00ed z\u00e1klad zpracov\u00e1n\u00ed: Va\u0161e \u00fadaje budou pou\u017eity zejm\u00e9na pro n\u00e1sleduj\u00edc\u00ed \u00fa\u010dely souvisej\u00edc\u00ed s pln\u011bn\u00edm opat\u0159en\u00ed souvisej\u00edc\u00edch se smluvn\u00edmi nebo p\u0159edsmluvn\u00edmi z\u00e1vazky:<\/p>\n\n\n\n<ul class=\"wp-block-list\">\n<li>spr\u00e1va soubor\u016f cookie nezbytn\u00fdch pro port\u00e1l (technick\u00e9 soubory cookie jsou nezbytn\u00e9 pro spr\u00e1vn\u00e9 fungov\u00e1n\u00ed str\u00e1nek a pou\u017e\u00edvaj\u00ed se pouze pro \u00fa\u010dely spr\u00e1vy r\u016fzn\u00fdch slu\u017eeb spojen\u00fdch s webem, jako je nap\u0159\u00edklad p\u0159ihl\u00e1\u0161en\u00ed);<\/li>\n\n\n\n<li>\u0159\u00edzen\u00ed z\u00e1kazn\u00edk\u016f.<\/li>\n<\/ul>\n\n\n\n<p>Va\u0161e osobn\u00ed \u00fadaje mohou b\u00fdt s va\u0161\u00edm souhlasem pou\u017eity tak\u00e9 pro n\u00e1sleduj\u00edc\u00ed \u00fa\u010dely:<\/p>\n\n\n\n<ul class=\"wp-block-list\">\n<li>spr\u00e1va netechnick\u00fdch statistick\u00fdch soubor\u016f cookie pro port\u00e1l (statistick\u00e9 soubory cookie pom\u00e1haj\u00ed majitel\u016fm webov\u00fdch str\u00e1nek pochopit, jak n\u00e1v\u0161t\u011bvn\u00edci interaguj\u00ed s webov\u00fdmi str\u00e1nkami, a to prost\u0159ednictv\u00edm anonymn\u00edho shroma\u017e\u010fov\u00e1n\u00ed a vykazov\u00e1n\u00ed informac\u00ed)<\/li>\n<\/ul>\n\n\n\n<p>Poskytnut\u00ed \u00fadaj\u016f je pro v\u00e1s s ohledem na v\u00fd\u0161e uveden\u00e9 \u00fa\u010dely dobrovoln\u00e9 a va\u0161e odm\u00edtnut\u00ed poskytnout tyto \u00fadaje nem\u00e1 vliv na pokra\u010dov\u00e1n\u00ed vztahu ani na p\u0159im\u011b\u0159enost zpracov\u00e1n\u00ed. <br>Zp\u016fsob zpracov\u00e1n\u00ed. Va\u0161e osobn\u00ed \u00fadaje mohou b\u00fdt zpracov\u00e1v\u00e1ny n\u00e1sleduj\u00edc\u00edmi zp\u016fsoby:<\/p>\n\n\n\n<ul class=\"wp-block-list\">\n<li>pomoc\u00ed elektronick\u00fdch po\u010d\u00edta\u010d\u016f k vyu\u017e\u00edvaj\u00edc\u00edch softwarov\u00e9 syst\u00e9my provozovan\u00e9 t\u0159et\u00edmi stranami;<\/li>\n\n\n\n<li>pomoc\u00ed elektronick\u00fdch po\u010d\u00edta\u010d\u016f s vyu\u017eit\u00edm p\u0159\u00edmo \u0159\u00edzen\u00fdch nebo naprogramovan\u00fdch softwarov\u00fdch syst\u00e9m\u016f.<\/li>\n<\/ul>\n\n\n\n<p>Ve\u0161ker\u00e9 zpracov\u00e1n\u00ed prob\u00edh\u00e1 v souladu s metodami stanoven\u00fdmi v \u010dl\u00e1nc\u00edch 6 a 32 GDPR a za pou\u017eit\u00ed vhodn\u00fdch bezpe\u010dnostn\u00edch opat\u0159en\u00ed.<\/p>\n\n\n\n<p>Va\u0161e \u00fadaje budou zpracov\u00e1vat pouze pracovn\u00edci v\u00fdslovn\u011b pov\u011b\u0159en\u00ed spr\u00e1vcem, a to zejm\u00e9na n\u00e1sleduj\u00edc\u00ed kategorie opr\u00e1vn\u011bn\u00fdch pracovn\u00edk\u016f:<\/p>\n\n\n\n<ul class=\"wp-block-list\">\n<li>intern\u00ed oper\u00e1to\u0159i pro spr\u00e1vu webov\u00e9ho port\u00e1lu.<\/li>\n<\/ul>\n\n\n\n<p>Komunikace: Va\u0161e \u00fadaje mohou b\u00fdt p\u0159ed\u00e1v\u00e1ny extern\u00edm stran\u00e1m za \u00fa\u010delem \u0159\u00e1dn\u00e9ho \u0159\u00edzen\u00ed vztahu, a to zejm\u00e9na n\u00e1sleduj\u00edc\u00edm kategori\u00edm p\u0159\u00edjemc\u016f, v\u010detn\u011b v\u0161ech \u0159\u00e1dn\u011b jmenovan\u00fdch zpracovatel\u016f \u00fadaj\u016f:<\/p>\n\n\n\n<ul class=\"wp-block-list\">\n<li>poskytovatele webov\u00fdch slu\u017eeb pro spr\u00e1vu a \u00fadr\u017ebu platformy.<\/li>\n<\/ul>\n\n\n\n<p>Zp\u0159\u00edstupn\u011bn\u00ed t\u0159et\u00edm stran\u00e1m: Va\u0161e \u00fadaje mohou b\u00fdt zp\u0159\u00edstupn\u011bny extern\u00edm stran\u00e1m za \u00fa\u010delem \u0159\u00e1dn\u00e9ho \u0159\u00edzen\u00ed vztahu, a to zejm\u00e9na n\u00e1sleduj\u00edc\u00edm kategori\u00edm p\u0159\u00edjemc\u016f ozna\u010den\u00fdch jako t\u0159et\u00ed strany:<\/p>\n\n\n\n<ul class=\"wp-block-list\">\n<li>Google &#8211; https:\/\/policies.google.com\/privacy?hl=en;<\/li>\n\n\n\n<li>WPML.<\/li>\n<\/ul>\n\n\n\n<p>\u0160\u00ed\u0159en\u00ed: Va\u0161e osobn\u00ed \u00fadaje nebudou \u017e\u00e1dn\u00fdm zp\u016fsobem \u0161\u00ed\u0159eny.<\/p>\n\n\n\n<p>Va\u0161e osobn\u00ed \u00fadaje mohou b\u00fdt tak\u00e9 p\u0159ed\u00e1v\u00e1ny, s omezen\u00edm na v\u00fd\u0161e uveden\u00e9 \u00fa\u010dely, do n\u00e1sleduj\u00edc\u00edch zem\u00ed:<\/p>\n\n\n\n<ul class=\"wp-block-list\">\n<li>St\u00e1ty EU;<\/li>\n\n\n\n<li>Spojen\u00e9 st\u00e1ty americk\u00e9.<\/li>\n<\/ul>\n\n\n\n<p>Doba uchov\u00e1v\u00e1n\u00ed. R\u00e1di bychom v\u00e1s informovali, \u017ee v souladu se z\u00e1sadami z\u00e1konnosti, omezen\u00ed \u00fa\u010delu a minimalizace \u00fadaj\u016f podle \u010dl\u00e1nku 5 GDPR je doba uchov\u00e1v\u00e1n\u00ed va\u0161ich osobn\u00edch \u00fadaj\u016f:<\/p>\n\n\n\n<ul class=\"wp-block-list\">\n<li>1 den:;<\/li>\n\n\n\n<li>730 dny: Google Analytics,;<\/li>\n\n\n\n<li>trval\u00e9:;<\/li>\n\n\n\n<li>relace: php.net, , wpml,.<\/li>\n<\/ul>\n\n\n\n<p>Spr\u00e1va soubor\u016f cookie: pokud m\u00e1te jak\u00e9koli pochybnosti nebo obavy ohledn\u011b pou\u017e\u00edv\u00e1n\u00ed soubor\u016f cookie, m\u016f\u017eete v\u017edy podniknout kroky k zabr\u00e1n\u011bn\u00ed jejich nastavov\u00e1n\u00ed a \u010dten\u00ed, nap\u0159. zm\u011bnou nastaven\u00ed ochrany osobn\u00edch \u00fadaj\u016f ve va\u0161em prohl\u00ed\u017ee\u010di, abyste zablokovali ur\u010dit\u00e9 typy soubor\u016f cookie..<\/p>\n\n\n\n<p>Vzhledem k tomu, \u017ee se jednotliv\u00e9 prohl\u00ed\u017ee\u010de &#8211; a \u010dasto i r\u016fzn\u00e9 verze t\u00e9ho\u017e prohl\u00ed\u017ee\u010de &#8211; navz\u00e1jem v\u00fdrazn\u011b li\u0161\u00ed, pokud d\u00e1v\u00e1te p\u0159ednost nez\u00e1visl\u00e9mu jedn\u00e1n\u00ed prost\u0159ednictv\u00edm p\u0159edvoleb prohl\u00ed\u017ee\u010de , podrobn\u00e9 informace o pot\u0159ebn\u00e9m postupu najdete v souboru n\u00e1pov\u011bdy prohl\u00ed\u017ee\u010de. P\u0159ehled postupu pro nejb\u011b\u017en\u011bj\u0161\u00ed prohl\u00ed\u017ee\u010de naleznete na adrese <a href=\"http:\/\/www.cookiepedia.co.uk\">www.cookiepedia.co.uk<\/a>.<\/p>\n\n\n\n<p>Reklamn\u00ed spole\u010dnosti tak\u00e9 umo\u017e\u0148uj\u00ed, abyste se z p\u0159ij\u00edm\u00e1n\u00ed c\u00edlen\u00fdch reklam odhl\u00e1sili, pokud si to p\u0159ejete. To nezabr\u00e1n\u00ed nastavov\u00e1n\u00ed soubor\u016f cookie, ale zastav\u00ed pou\u017e\u00edv\u00e1n\u00ed a shroma\u017e\u010fov\u00e1n\u00ed ur\u010dit\u00fdch \u00fadaj\u016f t\u011bmito spole\u010dnostmi.<\/p>\n\n\n\n<p>Dal\u0161\u00ed informace a mo\u017enosti odhl\u00e1\u0161en\u00ed naleznete na adrese <a href=\"http:\/\/www.youronlinechoices.eu\/\">www.youronlinechoices.eu\/<\/a>.<\/p>\n\n\n\n<p>Spr\u00e1vce \u00fadaj\u016f: Spr\u00e1vcem \u00fadaj\u016f ve smyslu z\u00e1kona je spole\u010dnost Max Food SE (Za Trat\u00ed 235 , 252 19 Chr\u00e1\u0161\u0165any, DI\u010c CZ27149897).<\/p>\n\n\n\n<p>M\u00e1te pr\u00e1vo po\u017eadovat od spr\u00e1vce \u00fadaj\u016f v\u00fdmaz\u00e1n\u00ed (pr\u00e1vo b\u00fdt zapomenut), omezen\u00ed, aktualizaci, opravu, p\u0159enositelnost, vzn\u00e9st n\u00e1mitku proti zpracov\u00e1n\u00ed osobn\u00edch \u00fadaj\u016f, kter\u00e9 se v\u00e1s t\u00fdkaj\u00ed, a obecn\u011b m\u016f\u017eete uplatnit v\u0161echna pr\u00e1va stanoven\u00e1 v \u010dl\u00e1nc\u00edch 15, 16, 17, 18, 19, 20, 21 a 22 Smlouvy o ochran\u011b osobn\u00edch \u00fadaj\u016f. <\/p>\n\n\n\n<p>GDPR.<\/p>\n\n\n\n<h4 class=\"wp-block-heading\"><strong>Na\u0159\u00edzen\u00ed EU 2016\/679: \u010dl\u00e1nky 15, 16, 17, 18, 19, 20, 21, 22 &#8211; Pr\u00e1va subjektu \u00fadaj\u016f<\/strong><\/h4>\n\n\n\n<p id=\"90510020\">1. Subjekt \u00fadaj\u016f m\u00e1 pr\u00e1vo z\u00edskat potvrzen\u00ed o tom, zda osobn\u00ed \u00fadaje, kter\u00e9 se ho t\u00fdkaj\u00ed, existuj\u00ed \u010di nikoliv, bez ohledu na to, zda jsou ji\u017e zaznamen\u00e1ny, pr\u00e1vo na sd\u011blen\u00ed t\u011bchto \u00fadaj\u016f ve srozumiteln\u00e9 form\u011b a mo\u017enost podat st\u00ed\u017enost u dozorov\u00e9ho \u00fa\u0159adu.<\/p>\n\n\n\n<p id=\"90510021\">2. Subjekt \u00fadaj\u016f m\u00e1 pr\u00e1vo b\u00fdt informov\u00e1n:<\/p>\n\n\n\n<ol style=\"list-style-type:lower-alpha\" class=\"wp-block-list\">\n<li>o p\u016fvodu osobn\u00edch \u00fadaj\u016f;<\/li>\n\n\n\n<li>o \u00fa\u010delech a zp\u016fsobech zpracov\u00e1n\u00ed;<\/li>\n\n\n\n<li>o logice pou\u017eit\u00e9 v p\u0159\u00edpad\u011b zpracov\u00e1n\u00ed elektronick\u00fdmi prost\u0159edky;<\/li>\n\n\n\n<li>o identifika\u010dn\u00edch \u00fadaj\u00edch dr\u017eitele, odpov\u011bdn\u00fdch osob a z\u00e1stupce ur\u010den\u00e9ho podle \u010dl. 5 odst. 2;<\/li>\n\n\n\n<li>o subjektech nebo kategori\u00edch subjekt\u016f, kter\u00fdm mohou b\u00fdt osobn\u00ed \u00fadaje sd\u011bleny nebo kter\u00e9 se o nich mohou dozv\u011bd\u011bt jako ur\u010den\u00fd \u00a0\u00a0\u00a0z\u00e1stupce (ur\u010den\u00ed z\u00e1stupci) na \u00fazem\u00ed st\u00e1tu, zpracovatel (zpracovatel\u00e9) \u00fadaj\u016f nebo osoba (osoby) pov\u011b\u0159en\u00e1 (pov\u011b\u0159en\u00e9) zpracov\u00e1n\u00edm.<\/li>\n<\/ol>\n\n\n\n<p id=\"90510025\">3. . Subjekt \u00fadaj\u016f m\u00e1 pr\u00e1vo z\u00edskat:<\/p>\n\n\n\n<ol style=\"list-style-type:lower-alpha\" class=\"wp-block-list\">\n<li>aktualizace, oprava nebo v p\u0159\u00edpad\u011b z\u00e1jmu integrace \u00fadaj\u016f;<\/li>\n\n\n\n<li>zru\u0161en\u00ed, p\u0159eveden\u00ed do anonymn\u00ed podoby nebo zablokov\u00e1n\u00ed \u00fadaj\u016f zpracov\u00e1van\u00fdch v rozporu se z\u00e1konem, v\u010detn\u011b \u00fadaj\u016f, jejich\u017e uchov\u00e1v\u00e1n\u00ed nen\u00ed nezbytn\u00e9 s ohledem na \u00fa\u010dely, pro kter\u00e9 byly \u00fadaje shrom\u00e1\u017ed\u011bny nebo n\u00e1sledn\u011b zpracov\u00e1ny;<\/li>\n\n\n\n<li>osv\u011bd\u010den\u00ed o tom, \u017ee operace podle p\u00edsmen a) a b) byly ozn\u00e1meny, a to i pokud jde o jejich obsah, subjekt\u016fm, kter\u00fdm byly \u00fadaje sd\u011bleny nebo \u0161\u00ed\u0159eny, leda\u017ee se tento po\u017eadavek uk\u00e1\u017ee jako nemo\u017en\u00fd nebo vy\u017eaduje zjevn\u011b nep\u0159im\u011b\u0159en\u00e9 \u00fasil\u00ed ve srovn\u00e1n\u00ed s pr\u00e1vem, kter\u00e9 m\u00e1 b\u00fdt chr\u00e1n\u011bno;<\/li>\n\n\n\n<li>p\u0159enositelnost dat.<\/li>\n<\/ol>\n\n\n\n<p id=\"90510027\">4. Subjekt \u00fadaj\u016f m\u00e1 pr\u00e1vo vzn\u00e9st n\u00e1mitku , a to zcela nebo z\u010d\u00e1sti:<\/p>\n\n\n\n<ol style=\"list-style-type:lower-alpha\" class=\"wp-block-list\">\n<li>z opr\u00e1vn\u011bn\u00fdch d\u016fvod\u016f ke zpracov\u00e1n\u00ed osobn\u00edch \u00fadaj\u016f, kter\u00e9 se ho t\u00fdkaj\u00ed, i kdy\u017e se t\u00fdkaj\u00ed \u00fa\u010delu shroma\u017e\u010fov\u00e1n\u00ed;<\/li>\n\n\n\n<li>zpracov\u00e1n\u00ed osobn\u00edch \u00fadaj\u016f, kter\u00e9 se ho t\u00fdkaj\u00ed, pro \u00fa\u010dely zas\u00edl\u00e1n\u00ed reklamn\u00edch nebo p\u0159\u00edm\u00fdch prodejn\u00edch materi\u00e1l\u016f nebo pro prov\u00e1d\u011bn\u00ed pr\u016fzkumu trhu \u010di obchodn\u00edch sd\u011blen\u00ed..<\/li>\n<\/ol>\n","protected":false},"excerpt":{"rendered":"<p>Max Food SE Za Trat\u00ed 235252 19&nbsp;Chr\u00e1\u0161?anyP.IVA CZ27149897 Cod. Doc. 23646.51.488264.2969067 Informace o zpracov\u00e1n\u00ed osobn\u00edch \u00fadaj\u016f ex \u010dl. 13-14 na\u0159\u00edzen\u00ed EU 2016\/679 Z\u00fa\u010dastn\u011bn\u00e9 strany: Navig\u00e1to\u0159i port\u00e1lu www.cortelazzi.cz. Spole\u010dnost Max Food SE jako spr\u00e1vce va\u0161ich osobn\u00edch \u00fadaj\u016f na z\u00e1klad\u011b a v souladu s na\u0159\u00edzen\u00edm EU 2016\/679 (d\u00e1le jen \u201eGDPR\u201c) v\u00e1s t\u00edmto informuje, \u017ee v\u00fd\u0161e uveden\u00e9 na\u0159\u00edzen\u00ed [&hellip;]<\/p>\n","protected":false},"author":1,"featured_media":0,"parent":0,"menu_order":0,"comment_status":"closed","ping_status":"closed","template":"","meta":{"inline_featured_image":false,"footnotes":"","_links_to":"","_links_to_target":""},"class_list":["post-15666","page","type-page","status-publish","hentry"],"yoast_head":"<!-- This site is optimized with the Yoast SEO plugin v27.4 - https:\/\/yoast.com\/product\/yoast-seo-wordpress\/ -->\n<title>Privacy policy - Cortelazzi<\/title>\n<meta name=\"robots\" content=\"index, follow, max-snippet:-1, max-image-preview:large, max-video-preview:-1\" \/>\n<link rel=\"canonical\" href=\"https:\/\/cortelazzi.cz\/cs\/privacy-policy\/\" \/>\n<meta property=\"og:locale\" content=\"cs_CZ\" \/>\n<meta property=\"og:type\" content=\"article\" \/>\n<meta property=\"og:title\" content=\"Privacy policy - Cortelazzi\" \/>\n<meta property=\"og:description\" content=\"Max Food SE Za Trat\u00ed 235252 19&nbsp;Chr\u00e1\u0161?anyP.IVA CZ27149897 Cod. Doc. 23646.51.488264.2969067 Informace o zpracov\u00e1n\u00ed osobn\u00edch \u00fadaj\u016f ex \u010dl. 13-14 na\u0159\u00edzen\u00ed EU 2016\/679 Z\u00fa\u010dastn\u011bn\u00e9 strany: Navig\u00e1to\u0159i port\u00e1lu www.cortelazzi.cz. Spole\u010dnost Max Food SE jako spr\u00e1vce va\u0161ich osobn\u00edch \u00fadaj\u016f na z\u00e1klad\u011b a v souladu s na\u0159\u00edzen\u00edm EU 2016\/679 (d\u00e1le jen \u201eGDPR\u201c) v\u00e1s t\u00edmto informuje, \u017ee v\u00fd\u0161e uveden\u00e9 na\u0159\u00edzen\u00ed [&hellip;]\" \/>\n<meta property=\"og:url\" content=\"https:\/\/cortelazzi.cz\/cs\/privacy-policy\/\" \/>\n<meta property=\"og:site_name\" content=\"Cortelazzi\" \/>\n<meta property=\"article:modified_time\" content=\"2024-11-21T14:30:05+00:00\" \/>\n<meta name=\"twitter:card\" content=\"summary_large_image\" \/>\n<meta name=\"twitter:label1\" content=\"Odhadovan\u00e1 doba \u010dten\u00ed\" \/>\n\t<meta name=\"twitter:data1\" content=\"5 minut\" \/>\n<script type=\"application\/ld+json\" class=\"yoast-schema-graph\">{\"@context\":\"https:\\\/\\\/schema.org\",\"@graph\":[{\"@type\":\"WebPage\",\"@id\":\"https:\\\/\\\/cortelazzi.cz\\\/cs\\\/privacy-policy\\\/\",\"url\":\"https:\\\/\\\/cortelazzi.cz\\\/cs\\\/privacy-policy\\\/\",\"name\":\"Privacy policy - Cortelazzi\",\"isPartOf\":{\"@id\":\"https:\\\/\\\/cortelazzi.cz\\\/#website\"},\"datePublished\":\"2024-09-13T12:40:49+00:00\",\"dateModified\":\"2024-11-21T14:30:05+00:00\",\"breadcrumb\":{\"@id\":\"https:\\\/\\\/cortelazzi.cz\\\/cs\\\/privacy-policy\\\/#breadcrumb\"},\"inLanguage\":\"cs\",\"potentialAction\":[{\"@type\":\"ReadAction\",\"target\":[\"https:\\\/\\\/cortelazzi.cz\\\/cs\\\/privacy-policy\\\/\"]}]},{\"@type\":\"BreadcrumbList\",\"@id\":\"https:\\\/\\\/cortelazzi.cz\\\/cs\\\/privacy-policy\\\/#breadcrumb\",\"itemListElement\":[{\"@type\":\"ListItem\",\"position\":1,\"name\":\"Home\",\"item\":\"https:\\\/\\\/cortelazzi.cz\\\/cs\\\/\"},{\"@type\":\"ListItem\",\"position\":2,\"name\":\"Privacy policy\"}]},{\"@type\":\"WebSite\",\"@id\":\"https:\\\/\\\/cortelazzi.cz\\\/#website\",\"url\":\"https:\\\/\\\/cortelazzi.cz\\\/\",\"name\":\"Cortelazzi\",\"description\":\"Food service\",\"potentialAction\":[{\"@type\":\"SearchAction\",\"target\":{\"@type\":\"EntryPoint\",\"urlTemplate\":\"https:\\\/\\\/cortelazzi.cz\\\/?s={search_term_string}\"},\"query-input\":{\"@type\":\"PropertyValueSpecification\",\"valueRequired\":true,\"valueName\":\"search_term_string\"}}],\"inLanguage\":\"cs\"}]}<\/script>\n<!-- \/ Yoast SEO plugin. -->","yoast_head_json":{"title":"Privacy policy - Cortelazzi","robots":{"index":"index","follow":"follow","max-snippet":"max-snippet:-1","max-image-preview":"max-image-preview:large","max-video-preview":"max-video-preview:-1"},"canonical":"https:\/\/cortelazzi.cz\/cs\/privacy-policy\/","og_locale":"cs_CZ","og_type":"article","og_title":"Privacy policy - Cortelazzi","og_description":"Max Food SE Za Trat\u00ed 235252 19&nbsp;Chr\u00e1\u0161?anyP.IVA CZ27149897 Cod. Doc. 23646.51.488264.2969067 Informace o zpracov\u00e1n\u00ed osobn\u00edch \u00fadaj\u016f ex \u010dl. 13-14 na\u0159\u00edzen\u00ed EU 2016\/679 Z\u00fa\u010dastn\u011bn\u00e9 strany: Navig\u00e1to\u0159i port\u00e1lu www.cortelazzi.cz. Spole\u010dnost Max Food SE jako spr\u00e1vce va\u0161ich osobn\u00edch \u00fadaj\u016f na z\u00e1klad\u011b a v souladu s na\u0159\u00edzen\u00edm EU 2016\/679 (d\u00e1le jen \u201eGDPR\u201c) v\u00e1s t\u00edmto informuje, \u017ee v\u00fd\u0161e uveden\u00e9 na\u0159\u00edzen\u00ed [&hellip;]","og_url":"https:\/\/cortelazzi.cz\/cs\/privacy-policy\/","og_site_name":"Cortelazzi","article_modified_time":"2024-11-21T14:30:05+00:00","twitter_card":"summary_large_image","twitter_misc":{"Odhadovan\u00e1 doba \u010dten\u00ed":"5 minut"},"schema":{"@context":"https:\/\/schema.org","@graph":[{"@type":"WebPage","@id":"https:\/\/cortelazzi.cz\/cs\/privacy-policy\/","url":"https:\/\/cortelazzi.cz\/cs\/privacy-policy\/","name":"Privacy policy - Cortelazzi","isPartOf":{"@id":"https:\/\/cortelazzi.cz\/#website"},"datePublished":"2024-09-13T12:40:49+00:00","dateModified":"2024-11-21T14:30:05+00:00","breadcrumb":{"@id":"https:\/\/cortelazzi.cz\/cs\/privacy-policy\/#breadcrumb"},"inLanguage":"cs","potentialAction":[{"@type":"ReadAction","target":["https:\/\/cortelazzi.cz\/cs\/privacy-policy\/"]}]},{"@type":"BreadcrumbList","@id":"https:\/\/cortelazzi.cz\/cs\/privacy-policy\/#breadcrumb","itemListElement":[{"@type":"ListItem","position":1,"name":"Home","item":"https:\/\/cortelazzi.cz\/cs\/"},{"@type":"ListItem","position":2,"name":"Privacy policy"}]},{"@type":"WebSite","@id":"https:\/\/cortelazzi.cz\/#website","url":"https:\/\/cortelazzi.cz\/","name":"Cortelazzi","description":"Food service","potentialAction":[{"@type":"SearchAction","target":{"@type":"EntryPoint","urlTemplate":"https:\/\/cortelazzi.cz\/?s={search_term_string}"},"query-input":{"@type":"PropertyValueSpecification","valueRequired":true,"valueName":"search_term_string"}}],"inLanguage":"cs"}]}},"jetpack_sharing_enabled":true,"_links":{"self":[{"href":"https:\/\/cortelazzi.cz\/cs\/wp-json\/wp\/v2\/pages\/15666","targetHints":{"allow":["GET"]}}],"collection":[{"href":"https:\/\/cortelazzi.cz\/cs\/wp-json\/wp\/v2\/pages"}],"about":[{"href":"https:\/\/cortelazzi.cz\/cs\/wp-json\/wp\/v2\/types\/page"}],"author":[{"embeddable":true,"href":"https:\/\/cortelazzi.cz\/cs\/wp-json\/wp\/v2\/users\/1"}],"replies":[{"embeddable":true,"href":"https:\/\/cortelazzi.cz\/cs\/wp-json\/wp\/v2\/comments?post=15666"}],"version-history":[{"count":4,"href":"https:\/\/cortelazzi.cz\/cs\/wp-json\/wp\/v2\/pages\/15666\/revisions"}],"predecessor-version":[{"id":16646,"href":"https:\/\/cortelazzi.cz\/cs\/wp-json\/wp\/v2\/pages\/15666\/revisions\/16646"}],"wp:attachment":[{"href":"https:\/\/cortelazzi.cz\/cs\/wp-json\/wp\/v2\/media?parent=15666"}],"curies":[{"name":"wp","href":"https:\/\/api.w.org\/{rel}","templated":true}]}}