
{"id":20795,"date":"2025-05-27T12:37:03","date_gmt":"2025-05-27T10:37:03","guid":{"rendered":"https:\/\/cortelazzi.cz\/?page_id=20795"},"modified":"2025-07-30T17:36:29","modified_gmt":"2025-07-30T15:36:29","slug":"dezerty","status":"publish","type":"page","link":"https:\/\/cortelazzi.cz\/cs\/produkty-la-rosa-dei-gusti\/dezerty\/","title":{"rendered":"Dezerty &#8211; La Rosa dei gusti"},"content":{"rendered":"\t\t<div data-elementor-type=\"wp-page\" data-elementor-id=\"20795\" class=\"elementor elementor-20795 elementor-20794\" data-elementor-post-type=\"page\">\n\t\t\t\t\t\t<section class=\"elementor-section elementor-top-section elementor-element elementor-element-7c5a878 elementor-section-full_width elementor-section-height-min-height elementor-section-height-default elementor-section-items-middle\" data-id=\"7c5a878\" data-element_type=\"section\" data-settings=\"{&quot;background_background&quot;:&quot;classic&quot;}\">\n\t\t\t\t\t\t<div class=\"elementor-container elementor-column-gap-default\">\n\t\t\t\t\t<div class=\"elementor-column elementor-col-100 elementor-top-column elementor-element elementor-element-867ea17\" data-id=\"867ea17\" data-element_type=\"column\">\n\t\t\t<div class=\"elementor-widget-wrap elementor-element-populated\">\n\t\t\t\t\t\t<div class=\"elementor-element elementor-element-ab4ab9c rockbold elementor-widget elementor-widget-heading\" data-id=\"ab4ab9c\" data-element_type=\"widget\" data-widget_type=\"heading.default\">\n\t\t\t\t<div class=\"elementor-widget-container\">\n\t\t\t\t\t<h1 class=\"elementor-heading-title elementor-size-default\">Dezerty<\/h1>\t\t\t\t<\/div>\n\t\t\t\t<\/div>\n\t\t\t\t<div class=\"elementor-element elementor-element-d4cf48f elementor-widget__width-auto elementor-absolute elementor-hidden-mobile elementor-invisible elementor-widget elementor-widget-image\" data-id=\"d4cf48f\" data-element_type=\"widget\" data-settings=\"{&quot;_position&quot;:&quot;absolute&quot;,&quot;_animation&quot;:&quot;fadeIn&quot;,&quot;motion_fx_motion_fx_scrolling&quot;:&quot;yes&quot;,&quot;_animation_delay&quot;:100,&quot;motion_fx_rotateZ_effect&quot;:&quot;yes&quot;,&quot;motion_fx_rotateZ_speed&quot;:{&quot;unit&quot;:&quot;px&quot;,&quot;size&quot;:1,&quot;sizes&quot;:[]},&quot;motion_fx_rotateZ_affectedRange&quot;:{&quot;unit&quot;:&quot;%&quot;,&quot;size&quot;:&quot;&quot;,&quot;sizes&quot;:{&quot;start&quot;:0,&quot;end&quot;:100}},&quot;motion_fx_devices&quot;:[&quot;desktop&quot;,&quot;laptop&quot;,&quot;tablet&quot;,&quot;mobile&quot;]}\" data-widget_type=\"image.default\">\n\t\t\t\t<div class=\"elementor-widget-container\">\n\t\t\t\t\t\t\t\t\t\t\t\t\t\t\t<img decoding=\"async\" width=\"1\" height=\"1\" src=\"https:\/\/cortelazzi.cz\/wp-content\/uploads\/2025\/05\/marchio-la-rosa-del-gusto.svg\" class=\"attachment-thumbnail size-thumbnail wp-image-18865\" alt=\"\" \/>\t\t\t\t\t\t\t\t\t\t\t\t\t\t\t<\/div>\n\t\t\t\t<\/div>\n\t\t\t\t\t<\/div>\n\t\t<\/div>\n\t\t\t\t\t<\/div>\n\t\t<\/section>\n\t\t\t\t<section class=\"elementor-section elementor-top-section elementor-element elementor-element-1e0d8d0 elementor-section-boxed elementor-section-height-default elementor-section-height-default\" data-id=\"1e0d8d0\" data-element_type=\"section\" data-settings=\"{&quot;background_background&quot;:&quot;classic&quot;}\">\n\t\t\t\t\t\t<div class=\"elementor-container elementor-column-gap-default\">\n\t\t\t\t\t<div class=\"elementor-column elementor-col-100 elementor-top-column elementor-element elementor-element-1d678d6\" data-id=\"1d678d6\" data-element_type=\"column\">\n\t\t\t<div class=\"elementor-widget-wrap elementor-element-populated\">\n\t\t\t\t\t\t<div class=\"elementor-element elementor-element-cf9a7f3 fontbig elementor-widget elementor-widget-heading\" data-id=\"cf9a7f3\" data-element_type=\"widget\" data-widget_type=\"heading.default\">\n\t\t\t\t<div class=\"elementor-widget-container\">\n\t\t\t\t\t<h2 class=\"elementor-heading-title elementor-size-default\">Sladk\u00e1 italsk\u00e1 v\u00e1\u0161e\u0148<\/h2>\t\t\t\t<\/div>\n\t\t\t\t<\/div>\n\t\t\t\t<div class=\"elementor-element elementor-element-4f18e5e elementor-widget__width-initial elementor-widget elementor-widget-text-editor\" data-id=\"4f18e5e\" data-element_type=\"widget\" data-widget_type=\"text-editor.default\">\n\t\t\t\t<div class=\"elementor-widget-container\">\n\t\t\t\t\t\t\t\t\t<p class=\"western\" lang=\"it-IT\">La Rosa dei Gusti di Cortelazzi nab\u00edz\u00ed neodolateln\u00e9 <strong>dezerty<\/strong>, p\u0159ipraven\u00e9 s \u0159emeslnou p\u00e9\u010d\u00ed a z kvalitn\u00edch surovin. Od tradi\u010dn\u00edch cukr\u00e1\u0159sk\u00fdch v\u00fdrobk\u016f po inovativn\u00ed delikatesy, ka\u017ed\u00fd sousto p\u0159in\u00e1\u0161\u00ed chu\u0165ov\u00e9 z\u00e1\u017eitky.<\/p>\t\t\t\t\t\t\t\t<\/div>\n\t\t\t\t<\/div>\n\t\t\t\t\t<\/div>\n\t\t<\/div>\n\t\t\t\t\t<\/div>\n\t\t<\/section>\n\t\t\t\t<section class=\"elementor-section elementor-top-section elementor-element elementor-element-d255091 categorie-rdg elementor-section-boxed elementor-section-height-default elementor-section-height-default\" data-id=\"d255091\" data-element_type=\"section\" data-settings=\"{&quot;background_background&quot;:&quot;classic&quot;}\">\n\t\t\t\t\t\t<div class=\"elementor-container elementor-column-gap-default\">\n\t\t\t\t\t<div class=\"elementor-column elementor-col-100 elementor-top-column elementor-element elementor-element-ca18e4d\" data-id=\"ca18e4d\" data-element_type=\"column\">\n\t\t\t<div class=\"elementor-widget-wrap elementor-element-populated\">\n\t\t\t\t\t\t<div class=\"elementor-element elementor-element-04156d3 gallery-spacing-custom elementor-hidden-mobile elementor-widget elementor-widget-image-gallery\" data-id=\"04156d3\" data-element_type=\"widget\" data-widget_type=\"image-gallery.default\">\n\t\t\t\t<div class=\"elementor-widget-container\">\n\t\t\t\t\t\t\t<div class=\"elementor-image-gallery\">\n\t\t\t<div id='gallery-1' class='gallery galleryid-20795 gallery-columns-4 gallery-size-medium'><figure class='gallery-item'>\n\t\t\t<div class='gallery-icon landscape'>\n\t\t\t\t<a data-elementor-open-lightbox=\"yes\" data-elementor-lightbox-slideshow=\"04156d3\" data-elementor-lightbox-title=\"Bastoncini al Cacao ricoperti di Cioccolato Fondente 180g\" data-e-action-hash=\"#elementor-action%3Aaction%3Dlightbox%26settings%3DeyJpZCI6MjE3NTIsInVybCI6Imh0dHBzOlwvXC9jb3J0ZWxhenppLmN6XC93cC1jb250ZW50XC91cGxvYWRzXC8yMDIwXC8wOFwvQmFzdG9uY2luaS1hbC1DYWNhby1yaWNvcGVydGktZGktQ2lvY2NvbGF0by1Gb25kZW50ZS0xODBnLmpwZyIsInNsaWRlc2hvdyI6IjA0MTU2ZDMifQ%3D%3D\" href='https:\/\/cortelazzi.cz\/wp-content\/uploads\/2020\/08\/Bastoncini-al-Cacao-ricoperti-di-Cioccolato-Fondente-180g.jpg'><img fetchpriority=\"high\" decoding=\"async\" width=\"300\" height=\"300\" src=\"https:\/\/cortelazzi.cz\/wp-content\/uploads\/2020\/08\/Bastoncini-al-Cacao-ricoperti-di-Cioccolato-Fondente-180g-300x300.jpg\" class=\"attachment-medium size-medium\" alt=\"\" aria-describedby=\"gallery-1-21752\" srcset=\"https:\/\/cortelazzi.cz\/wp-content\/uploads\/2020\/08\/Bastoncini-al-Cacao-ricoperti-di-Cioccolato-Fondente-180g-300x300.jpg 300w, https:\/\/cortelazzi.cz\/wp-content\/uploads\/2020\/08\/Bastoncini-al-Cacao-ricoperti-di-Cioccolato-Fondente-180g-150x150.jpg 150w, https:\/\/cortelazzi.cz\/wp-content\/uploads\/2020\/08\/Bastoncini-al-Cacao-ricoperti-di-Cioccolato-Fondente-180g-100x100.jpg 100w, https:\/\/cortelazzi.cz\/wp-content\/uploads\/2020\/08\/Bastoncini-al-Cacao-ricoperti-di-Cioccolato-Fondente-180g.jpg 500w\" sizes=\"(max-width: 300px) 100vw, 300px\" \/><\/a>\n\t\t\t<\/div>\n\t\t\t\t<figcaption class='wp-caption-text gallery-caption' id='gallery-1-21752'>\n\t\t\t\tBastoncini al Cacao ricoperti di Cioccolato Fondente 180g\n\t\t\t\t<\/figcaption><\/figure><figure class='gallery-item'>\n\t\t\t<div class='gallery-icon landscape'>\n\t\t\t\t<a data-elementor-open-lightbox=\"yes\" data-elementor-lightbox-slideshow=\"04156d3\" data-elementor-lightbox-title=\"Brutti ma Buoni 150g\" data-e-action-hash=\"#elementor-action%3Aaction%3Dlightbox%26settings%3DeyJpZCI6MjE3NTYsInVybCI6Imh0dHBzOlwvXC9jb3J0ZWxhenppLmN6XC93cC1jb250ZW50XC91cGxvYWRzXC8yMDIwXC8wOFwvQnJ1dHRpLW1hLUJ1b25pLTE1MGcuanBnIiwic2xpZGVzaG93IjoiMDQxNTZkMyJ9\" href='https:\/\/cortelazzi.cz\/wp-content\/uploads\/2020\/08\/Brutti-ma-Buoni-150g.jpg'><img decoding=\"async\" width=\"300\" height=\"300\" src=\"https:\/\/cortelazzi.cz\/wp-content\/uploads\/2020\/08\/Brutti-ma-Buoni-150g-300x300.jpg\" class=\"attachment-medium size-medium\" alt=\"\" aria-describedby=\"gallery-1-21756\" srcset=\"https:\/\/cortelazzi.cz\/wp-content\/uploads\/2020\/08\/Brutti-ma-Buoni-150g-300x300.jpg 300w, https:\/\/cortelazzi.cz\/wp-content\/uploads\/2020\/08\/Brutti-ma-Buoni-150g-150x150.jpg 150w, https:\/\/cortelazzi.cz\/wp-content\/uploads\/2020\/08\/Brutti-ma-Buoni-150g-100x100.jpg 100w, https:\/\/cortelazzi.cz\/wp-content\/uploads\/2020\/08\/Brutti-ma-Buoni-150g.jpg 500w\" sizes=\"(max-width: 300px) 100vw, 300px\" \/><\/a>\n\t\t\t<\/div>\n\t\t\t\t<figcaption class='wp-caption-text gallery-caption' id='gallery-1-21756'>\n\t\t\t\tBrutti ma Buoni 150g\n\t\t\t\t<\/figcaption><\/figure><figure class='gallery-item'>\n\t\t\t<div class='gallery-icon landscape'>\n\t\t\t\t<a data-elementor-open-lightbox=\"yes\" data-elementor-lightbox-slideshow=\"04156d3\" data-elementor-lightbox-title=\"Cioccolato di Modica IGP agli Agrumi di Sicilia 80g\" data-e-action-hash=\"#elementor-action%3Aaction%3Dlightbox%26settings%3DeyJpZCI6MjE3NjAsInVybCI6Imh0dHBzOlwvXC9jb3J0ZWxhenppLmN6XC93cC1jb250ZW50XC91cGxvYWRzXC8yMDIwXC8wOFwvQ2lvY2NvbGF0by1kaS1Nb2RpY2EtSUdQLWFnbGktQWdydW1pLWRpLVNpY2lsaWEtODBnLmpwZyIsInNsaWRlc2hvdyI6IjA0MTU2ZDMifQ%3D%3D\" href='https:\/\/cortelazzi.cz\/wp-content\/uploads\/2020\/08\/Cioccolato-di-Modica-IGP-agli-Agrumi-di-Sicilia-80g.jpg'><img loading=\"lazy\" decoding=\"async\" width=\"300\" height=\"300\" src=\"https:\/\/cortelazzi.cz\/wp-content\/uploads\/2020\/08\/Cioccolato-di-Modica-IGP-agli-Agrumi-di-Sicilia-80g-300x300.jpg\" class=\"attachment-medium size-medium\" alt=\"\" aria-describedby=\"gallery-1-21760\" srcset=\"https:\/\/cortelazzi.cz\/wp-content\/uploads\/2020\/08\/Cioccolato-di-Modica-IGP-agli-Agrumi-di-Sicilia-80g-300x300.jpg 300w, https:\/\/cortelazzi.cz\/wp-content\/uploads\/2020\/08\/Cioccolato-di-Modica-IGP-agli-Agrumi-di-Sicilia-80g-150x150.jpg 150w, https:\/\/cortelazzi.cz\/wp-content\/uploads\/2020\/08\/Cioccolato-di-Modica-IGP-agli-Agrumi-di-Sicilia-80g-100x100.jpg 100w, https:\/\/cortelazzi.cz\/wp-content\/uploads\/2020\/08\/Cioccolato-di-Modica-IGP-agli-Agrumi-di-Sicilia-80g.jpg 500w\" sizes=\"(max-width: 300px) 100vw, 300px\" \/><\/a>\n\t\t\t<\/div>\n\t\t\t\t<figcaption class='wp-caption-text gallery-caption' id='gallery-1-21760'>\n\t\t\t\tCioccolato di Modica IGP agli Agrumi di Sicilia 80g\n\t\t\t\t<\/figcaption><\/figure><figure class='gallery-item'>\n\t\t\t<div class='gallery-icon landscape'>\n\t\t\t\t<a data-elementor-open-lightbox=\"yes\" data-elementor-lightbox-slideshow=\"04156d3\" data-elementor-lightbox-title=\"Cioccolato di Modica IGP al Peperoncino 80g\" data-e-action-hash=\"#elementor-action%3Aaction%3Dlightbox%26settings%3DeyJpZCI6MjE3NjQsInVybCI6Imh0dHBzOlwvXC9jb3J0ZWxhenppLmN6XC93cC1jb250ZW50XC91cGxvYWRzXC8yMDIwXC8wOFwvQ2lvY2NvbGF0by1kaS1Nb2RpY2EtSUdQLWFsLVBlcGVyb25jaW5vLTgwZy5qcGciLCJzbGlkZXNob3ciOiIwNDE1NmQzIn0%3D\" href='https:\/\/cortelazzi.cz\/wp-content\/uploads\/2020\/08\/Cioccolato-di-Modica-IGP-al-Peperoncino-80g.jpg'><img loading=\"lazy\" decoding=\"async\" width=\"300\" height=\"300\" src=\"https:\/\/cortelazzi.cz\/wp-content\/uploads\/2020\/08\/Cioccolato-di-Modica-IGP-al-Peperoncino-80g-300x300.jpg\" class=\"attachment-medium size-medium\" alt=\"\" aria-describedby=\"gallery-1-21764\" srcset=\"https:\/\/cortelazzi.cz\/wp-content\/uploads\/2020\/08\/Cioccolato-di-Modica-IGP-al-Peperoncino-80g-300x300.jpg 300w, https:\/\/cortelazzi.cz\/wp-content\/uploads\/2020\/08\/Cioccolato-di-Modica-IGP-al-Peperoncino-80g-150x150.jpg 150w, https:\/\/cortelazzi.cz\/wp-content\/uploads\/2020\/08\/Cioccolato-di-Modica-IGP-al-Peperoncino-80g-100x100.jpg 100w, https:\/\/cortelazzi.cz\/wp-content\/uploads\/2020\/08\/Cioccolato-di-Modica-IGP-al-Peperoncino-80g.jpg 500w\" sizes=\"(max-width: 300px) 100vw, 300px\" \/><\/a>\n\t\t\t<\/div>\n\t\t\t\t<figcaption class='wp-caption-text gallery-caption' id='gallery-1-21764'>\n\t\t\t\tCioccolato di Modica IGP al Peperoncino 80g\n\t\t\t\t<\/figcaption><\/figure><figure class='gallery-item'>\n\t\t\t<div class='gallery-icon landscape'>\n\t\t\t\t<a data-elementor-open-lightbox=\"yes\" data-elementor-lightbox-slideshow=\"04156d3\" data-elementor-lightbox-title=\"Cioccolato di Modica IGP al Sale Marino Artigianale 80g\" data-e-action-hash=\"#elementor-action%3Aaction%3Dlightbox%26settings%3DeyJpZCI6MjE3NjgsInVybCI6Imh0dHBzOlwvXC9jb3J0ZWxhenppLmN6XC93cC1jb250ZW50XC91cGxvYWRzXC8yMDIwXC8wOFwvQ2lvY2NvbGF0by1kaS1Nb2RpY2EtSUdQLWFsLVNhbGUtTWFyaW5vLUFydGlnaWFuYWxlLTgwZy5qcGciLCJzbGlkZXNob3ciOiIwNDE1NmQzIn0%3D\" href='https:\/\/cortelazzi.cz\/wp-content\/uploads\/2020\/08\/Cioccolato-di-Modica-IGP-al-Sale-Marino-Artigianale-80g.jpg'><img loading=\"lazy\" decoding=\"async\" width=\"300\" height=\"300\" src=\"https:\/\/cortelazzi.cz\/wp-content\/uploads\/2020\/08\/Cioccolato-di-Modica-IGP-al-Sale-Marino-Artigianale-80g-300x300.jpg\" class=\"attachment-medium size-medium\" alt=\"\" aria-describedby=\"gallery-1-21768\" srcset=\"https:\/\/cortelazzi.cz\/wp-content\/uploads\/2020\/08\/Cioccolato-di-Modica-IGP-al-Sale-Marino-Artigianale-80g-300x300.jpg 300w, https:\/\/cortelazzi.cz\/wp-content\/uploads\/2020\/08\/Cioccolato-di-Modica-IGP-al-Sale-Marino-Artigianale-80g-150x150.jpg 150w, https:\/\/cortelazzi.cz\/wp-content\/uploads\/2020\/08\/Cioccolato-di-Modica-IGP-al-Sale-Marino-Artigianale-80g-100x100.jpg 100w, https:\/\/cortelazzi.cz\/wp-content\/uploads\/2020\/08\/Cioccolato-di-Modica-IGP-al-Sale-Marino-Artigianale-80g.jpg 500w\" sizes=\"(max-width: 300px) 100vw, 300px\" \/><\/a>\n\t\t\t<\/div>\n\t\t\t\t<figcaption class='wp-caption-text gallery-caption' id='gallery-1-21768'>\n\t\t\t\tCioccolato di Modica IGP al Sale Marino Artigianale 80g\n\t\t\t\t<\/figcaption><\/figure><figure class='gallery-item'>\n\t\t\t<div class='gallery-icon landscape'>\n\t\t\t\t<a data-elementor-open-lightbox=\"yes\" data-elementor-lightbox-slideshow=\"04156d3\" data-elementor-lightbox-title=\"Cioccolato di Modica IGP Fondente 80g\" data-e-action-hash=\"#elementor-action%3Aaction%3Dlightbox%26settings%3DeyJpZCI6MjE3NzIsInVybCI6Imh0dHBzOlwvXC9jb3J0ZWxhenppLmN6XC93cC1jb250ZW50XC91cGxvYWRzXC8yMDIwXC8wOFwvQ2lvY2NvbGF0by1kaS1Nb2RpY2EtSUdQLUZvbmRlbnRlLTgwZy5qcGciLCJzbGlkZXNob3ciOiIwNDE1NmQzIn0%3D\" href='https:\/\/cortelazzi.cz\/wp-content\/uploads\/2020\/08\/Cioccolato-di-Modica-IGP-Fondente-80g.jpg'><img loading=\"lazy\" decoding=\"async\" width=\"300\" height=\"300\" src=\"https:\/\/cortelazzi.cz\/wp-content\/uploads\/2020\/08\/Cioccolato-di-Modica-IGP-Fondente-80g-300x300.jpg\" class=\"attachment-medium size-medium\" alt=\"\" aria-describedby=\"gallery-1-21772\" srcset=\"https:\/\/cortelazzi.cz\/wp-content\/uploads\/2020\/08\/Cioccolato-di-Modica-IGP-Fondente-80g-300x300.jpg 300w, https:\/\/cortelazzi.cz\/wp-content\/uploads\/2020\/08\/Cioccolato-di-Modica-IGP-Fondente-80g-150x150.jpg 150w, https:\/\/cortelazzi.cz\/wp-content\/uploads\/2020\/08\/Cioccolato-di-Modica-IGP-Fondente-80g-100x100.jpg 100w, https:\/\/cortelazzi.cz\/wp-content\/uploads\/2020\/08\/Cioccolato-di-Modica-IGP-Fondente-80g.jpg 500w\" sizes=\"(max-width: 300px) 100vw, 300px\" \/><\/a>\n\t\t\t<\/div>\n\t\t\t\t<figcaption class='wp-caption-text gallery-caption' id='gallery-1-21772'>\n\t\t\t\tCioccolato di Modica IGP Fondente 80g\n\t\t\t\t<\/figcaption><\/figure><figure class='gallery-item'>\n\t\t\t<div class='gallery-icon landscape'>\n\t\t\t\t<a data-elementor-open-lightbox=\"yes\" data-elementor-lightbox-slideshow=\"04156d3\" data-elementor-lightbox-title=\"Crema di mandorle 190g\" data-e-action-hash=\"#elementor-action%3Aaction%3Dlightbox%26settings%3DeyJpZCI6MjE3NzYsInVybCI6Imh0dHBzOlwvXC9jb3J0ZWxhenppLmN6XC93cC1jb250ZW50XC91cGxvYWRzXC8yMDIwXC8wOFwvQ3JlbWEtZGktbWFuZG9ybGUtMTkwZy5qcGciLCJzbGlkZXNob3ciOiIwNDE1NmQzIn0%3D\" href='https:\/\/cortelazzi.cz\/wp-content\/uploads\/2020\/08\/Crema-di-mandorle-190g.jpg'><img loading=\"lazy\" decoding=\"async\" width=\"300\" height=\"300\" src=\"https:\/\/cortelazzi.cz\/wp-content\/uploads\/2020\/08\/Crema-di-mandorle-190g-300x300.jpg\" class=\"attachment-medium size-medium\" alt=\"\" aria-describedby=\"gallery-1-21776\" srcset=\"https:\/\/cortelazzi.cz\/wp-content\/uploads\/2020\/08\/Crema-di-mandorle-190g-300x300.jpg 300w, https:\/\/cortelazzi.cz\/wp-content\/uploads\/2020\/08\/Crema-di-mandorle-190g-150x150.jpg 150w, https:\/\/cortelazzi.cz\/wp-content\/uploads\/2020\/08\/Crema-di-mandorle-190g-100x100.jpg 100w, https:\/\/cortelazzi.cz\/wp-content\/uploads\/2020\/08\/Crema-di-mandorle-190g.jpg 500w\" sizes=\"(max-width: 300px) 100vw, 300px\" \/><\/a>\n\t\t\t<\/div>\n\t\t\t\t<figcaption class='wp-caption-text gallery-caption' id='gallery-1-21776'>\n\t\t\t\tCrema di mandorle 190g\n\t\t\t\t<\/figcaption><\/figure><figure class='gallery-item'>\n\t\t\t<div class='gallery-icon landscape'>\n\t\t\t\t<a data-elementor-open-lightbox=\"yes\" data-elementor-lightbox-slideshow=\"04156d3\" data-elementor-lightbox-title=\"Crema di Pistacchio 180g\" data-e-action-hash=\"#elementor-action%3Aaction%3Dlightbox%26settings%3DeyJpZCI6MjE3ODAsInVybCI6Imh0dHBzOlwvXC9jb3J0ZWxhenppLmN6XC93cC1jb250ZW50XC91cGxvYWRzXC8yMDIwXC8wOFwvQ3JlbWEtZGktUGlzdGFjY2hpby0xODBnLmpwZyIsInNsaWRlc2hvdyI6IjA0MTU2ZDMifQ%3D%3D\" href='https:\/\/cortelazzi.cz\/wp-content\/uploads\/2020\/08\/Crema-di-Pistacchio-180g.jpg'><img loading=\"lazy\" decoding=\"async\" width=\"300\" height=\"300\" src=\"https:\/\/cortelazzi.cz\/wp-content\/uploads\/2020\/08\/Crema-di-Pistacchio-180g-300x300.jpg\" class=\"attachment-medium size-medium\" alt=\"\" aria-describedby=\"gallery-1-21780\" srcset=\"https:\/\/cortelazzi.cz\/wp-content\/uploads\/2020\/08\/Crema-di-Pistacchio-180g-300x300.jpg 300w, https:\/\/cortelazzi.cz\/wp-content\/uploads\/2020\/08\/Crema-di-Pistacchio-180g-150x150.jpg 150w, https:\/\/cortelazzi.cz\/wp-content\/uploads\/2020\/08\/Crema-di-Pistacchio-180g-100x100.jpg 100w, https:\/\/cortelazzi.cz\/wp-content\/uploads\/2020\/08\/Crema-di-Pistacchio-180g.jpg 500w\" sizes=\"(max-width: 300px) 100vw, 300px\" \/><\/a>\n\t\t\t<\/div>\n\t\t\t\t<figcaption class='wp-caption-text gallery-caption' id='gallery-1-21780'>\n\t\t\t\tCrema di Pistacchio 180g\n\t\t\t\t<\/figcaption><\/figure><figure class='gallery-item'>\n\t\t\t<div class='gallery-icon landscape'>\n\t\t\t\t<a data-elementor-open-lightbox=\"yes\" data-elementor-lightbox-slideshow=\"04156d3\" data-elementor-lightbox-title=\"Crema Spalmabile Bianca 190g\" data-e-action-hash=\"#elementor-action%3Aaction%3Dlightbox%26settings%3DeyJpZCI6MjE3ODQsInVybCI6Imh0dHBzOlwvXC9jb3J0ZWxhenppLmN6XC93cC1jb250ZW50XC91cGxvYWRzXC8yMDIwXC8wOFwvQ3JlbWEtU3BhbG1hYmlsZS1CaWFuY2EtMTkwZy5qcGciLCJzbGlkZXNob3ciOiIwNDE1NmQzIn0%3D\" href='https:\/\/cortelazzi.cz\/wp-content\/uploads\/2020\/08\/Crema-Spalmabile-Bianca-190g.jpg'><img loading=\"lazy\" decoding=\"async\" width=\"300\" height=\"300\" src=\"https:\/\/cortelazzi.cz\/wp-content\/uploads\/2020\/08\/Crema-Spalmabile-Bianca-190g-300x300.jpg\" class=\"attachment-medium size-medium\" alt=\"\" aria-describedby=\"gallery-1-21784\" srcset=\"https:\/\/cortelazzi.cz\/wp-content\/uploads\/2020\/08\/Crema-Spalmabile-Bianca-190g-300x300.jpg 300w, https:\/\/cortelazzi.cz\/wp-content\/uploads\/2020\/08\/Crema-Spalmabile-Bianca-190g-150x150.jpg 150w, https:\/\/cortelazzi.cz\/wp-content\/uploads\/2020\/08\/Crema-Spalmabile-Bianca-190g-100x100.jpg 100w, https:\/\/cortelazzi.cz\/wp-content\/uploads\/2020\/08\/Crema-Spalmabile-Bianca-190g.jpg 500w\" sizes=\"(max-width: 300px) 100vw, 300px\" \/><\/a>\n\t\t\t<\/div>\n\t\t\t\t<figcaption class='wp-caption-text gallery-caption' id='gallery-1-21784'>\n\t\t\t\tCrema Spalmabile Bianca 190g\n\t\t\t\t<\/figcaption><\/figure><figure class='gallery-item'>\n\t\t\t<div class='gallery-icon landscape'>\n\t\t\t\t<a data-elementor-open-lightbox=\"yes\" data-elementor-lightbox-slideshow=\"04156d3\" data-elementor-lightbox-title=\"Crema Spalmabile Classica 190g\" data-e-action-hash=\"#elementor-action%3Aaction%3Dlightbox%26settings%3DeyJpZCI6MjE3ODgsInVybCI6Imh0dHBzOlwvXC9jb3J0ZWxhenppLmN6XC93cC1jb250ZW50XC91cGxvYWRzXC8yMDIwXC8wOFwvQ3JlbWEtU3BhbG1hYmlsZS1DbGFzc2ljYS0xOTBnLmpwZyIsInNsaWRlc2hvdyI6IjA0MTU2ZDMifQ%3D%3D\" href='https:\/\/cortelazzi.cz\/wp-content\/uploads\/2020\/08\/Crema-Spalmabile-Classica-190g.jpg'><img loading=\"lazy\" decoding=\"async\" width=\"300\" height=\"300\" src=\"https:\/\/cortelazzi.cz\/wp-content\/uploads\/2020\/08\/Crema-Spalmabile-Classica-190g-300x300.jpg\" class=\"attachment-medium size-medium\" alt=\"\" aria-describedby=\"gallery-1-21788\" srcset=\"https:\/\/cortelazzi.cz\/wp-content\/uploads\/2020\/08\/Crema-Spalmabile-Classica-190g-300x300.jpg 300w, https:\/\/cortelazzi.cz\/wp-content\/uploads\/2020\/08\/Crema-Spalmabile-Classica-190g-150x150.jpg 150w, https:\/\/cortelazzi.cz\/wp-content\/uploads\/2020\/08\/Crema-Spalmabile-Classica-190g-100x100.jpg 100w, https:\/\/cortelazzi.cz\/wp-content\/uploads\/2020\/08\/Crema-Spalmabile-Classica-190g.jpg 500w\" sizes=\"(max-width: 300px) 100vw, 300px\" \/><\/a>\n\t\t\t<\/div>\n\t\t\t\t<figcaption class='wp-caption-text gallery-caption' id='gallery-1-21788'>\n\t\t\t\tCrema Spalmabile Classica 190g\n\t\t\t\t<\/figcaption><\/figure><figure class='gallery-item'>\n\t\t\t<div class='gallery-icon landscape'>\n\t\t\t\t<a data-elementor-open-lightbox=\"yes\" data-elementor-lightbox-slideshow=\"04156d3\" data-elementor-lightbox-title=\"Crema Spalmabile Intensa 190g\" data-e-action-hash=\"#elementor-action%3Aaction%3Dlightbox%26settings%3DeyJpZCI6MjE3OTIsInVybCI6Imh0dHBzOlwvXC9jb3J0ZWxhenppLmN6XC93cC1jb250ZW50XC91cGxvYWRzXC8yMDIwXC8wOFwvQ3JlbWEtU3BhbG1hYmlsZS1JbnRlbnNhLTE5MGcuanBnIiwic2xpZGVzaG93IjoiMDQxNTZkMyJ9\" href='https:\/\/cortelazzi.cz\/wp-content\/uploads\/2020\/08\/Crema-Spalmabile-Intensa-190g.jpg'><img loading=\"lazy\" decoding=\"async\" width=\"300\" height=\"300\" src=\"https:\/\/cortelazzi.cz\/wp-content\/uploads\/2020\/08\/Crema-Spalmabile-Intensa-190g-300x300.jpg\" class=\"attachment-medium size-medium\" alt=\"\" aria-describedby=\"gallery-1-21792\" srcset=\"https:\/\/cortelazzi.cz\/wp-content\/uploads\/2020\/08\/Crema-Spalmabile-Intensa-190g-300x300.jpg 300w, https:\/\/cortelazzi.cz\/wp-content\/uploads\/2020\/08\/Crema-Spalmabile-Intensa-190g-150x150.jpg 150w, https:\/\/cortelazzi.cz\/wp-content\/uploads\/2020\/08\/Crema-Spalmabile-Intensa-190g-100x100.jpg 100w, https:\/\/cortelazzi.cz\/wp-content\/uploads\/2020\/08\/Crema-Spalmabile-Intensa-190g.jpg 500w\" sizes=\"(max-width: 300px) 100vw, 300px\" \/><\/a>\n\t\t\t<\/div>\n\t\t\t\t<figcaption class='wp-caption-text gallery-caption' id='gallery-1-21792'>\n\t\t\t\tCrema Spalmabile Intensa 190g\n\t\t\t\t<\/figcaption><\/figure><figure class='gallery-item'>\n\t\t\t<div class='gallery-icon landscape'>\n\t\t\t\t<a data-elementor-open-lightbox=\"yes\" data-elementor-lightbox-slideshow=\"04156d3\" data-elementor-lightbox-title=\"Lingue di Gatto ricoperte di Cioccolato Bianco al Caramello Salato 150g\" data-e-action-hash=\"#elementor-action%3Aaction%3Dlightbox%26settings%3DeyJpZCI6MjE3OTYsInVybCI6Imh0dHBzOlwvXC9jb3J0ZWxhenppLmN6XC93cC1jb250ZW50XC91cGxvYWRzXC8yMDIwXC8wOFwvTGluZ3VlLWRpLUdhdHRvLXJpY29wZXJ0ZS1kaS1DaW9jY29sYXRvLUJpYW5jby1hbC1DYXJhbWVsbG8tU2FsYXRvLTE1MGcuanBnIiwic2xpZGVzaG93IjoiMDQxNTZkMyJ9\" href='https:\/\/cortelazzi.cz\/wp-content\/uploads\/2020\/08\/Lingue-di-Gatto-ricoperte-di-Cioccolato-Bianco-al-Caramello-Salato-150g.jpg'><img loading=\"lazy\" decoding=\"async\" width=\"300\" height=\"300\" src=\"https:\/\/cortelazzi.cz\/wp-content\/uploads\/2020\/08\/Lingue-di-Gatto-ricoperte-di-Cioccolato-Bianco-al-Caramello-Salato-150g-300x300.jpg\" class=\"attachment-medium size-medium\" alt=\"\" aria-describedby=\"gallery-1-21796\" srcset=\"https:\/\/cortelazzi.cz\/wp-content\/uploads\/2020\/08\/Lingue-di-Gatto-ricoperte-di-Cioccolato-Bianco-al-Caramello-Salato-150g-300x300.jpg 300w, https:\/\/cortelazzi.cz\/wp-content\/uploads\/2020\/08\/Lingue-di-Gatto-ricoperte-di-Cioccolato-Bianco-al-Caramello-Salato-150g-150x150.jpg 150w, https:\/\/cortelazzi.cz\/wp-content\/uploads\/2020\/08\/Lingue-di-Gatto-ricoperte-di-Cioccolato-Bianco-al-Caramello-Salato-150g-100x100.jpg 100w, https:\/\/cortelazzi.cz\/wp-content\/uploads\/2020\/08\/Lingue-di-Gatto-ricoperte-di-Cioccolato-Bianco-al-Caramello-Salato-150g.jpg 500w\" sizes=\"(max-width: 300px) 100vw, 300px\" \/><\/a>\n\t\t\t<\/div>\n\t\t\t\t<figcaption class='wp-caption-text gallery-caption' id='gallery-1-21796'>\n\t\t\t\tLingue di Gatto ricoperte di Cioccolato Bianco al Caramello Salato 150g\n\t\t\t\t<\/figcaption><\/figure><figure class='gallery-item'>\n\t\t\t<div class='gallery-icon landscape'>\n\t\t\t\t<a data-elementor-open-lightbox=\"yes\" data-elementor-lightbox-slideshow=\"04156d3\" data-elementor-lightbox-title=\"Paste di Meliga 200g\" data-e-action-hash=\"#elementor-action%3Aaction%3Dlightbox%26settings%3DeyJpZCI6MjE4MDAsInVybCI6Imh0dHBzOlwvXC9jb3J0ZWxhenppLmN6XC93cC1jb250ZW50XC91cGxvYWRzXC8yMDIwXC8wOFwvUGFzdGUtZGktTWVsaWdhLTIwMGcuanBnIiwic2xpZGVzaG93IjoiMDQxNTZkMyJ9\" href='https:\/\/cortelazzi.cz\/wp-content\/uploads\/2020\/08\/Paste-di-Meliga-200g.jpg'><img loading=\"lazy\" decoding=\"async\" width=\"300\" height=\"300\" src=\"https:\/\/cortelazzi.cz\/wp-content\/uploads\/2020\/08\/Paste-di-Meliga-200g-300x300.jpg\" class=\"attachment-medium size-medium\" alt=\"\" aria-describedby=\"gallery-1-21800\" srcset=\"https:\/\/cortelazzi.cz\/wp-content\/uploads\/2020\/08\/Paste-di-Meliga-200g-300x300.jpg 300w, https:\/\/cortelazzi.cz\/wp-content\/uploads\/2020\/08\/Paste-di-Meliga-200g-150x150.jpg 150w, https:\/\/cortelazzi.cz\/wp-content\/uploads\/2020\/08\/Paste-di-Meliga-200g-100x100.jpg 100w, https:\/\/cortelazzi.cz\/wp-content\/uploads\/2020\/08\/Paste-di-Meliga-200g.jpg 500w\" sizes=\"(max-width: 300px) 100vw, 300px\" \/><\/a>\n\t\t\t<\/div>\n\t\t\t\t<figcaption class='wp-caption-text gallery-caption' id='gallery-1-21800'>\n\t\t\t\tPaste di Meliga 200g\n\t\t\t\t<\/figcaption><\/figure><figure class='gallery-item'>\n\t\t\t<div class='gallery-icon landscape'>\n\t\t\t\t<a data-elementor-open-lightbox=\"yes\" data-elementor-lightbox-slideshow=\"04156d3\" data-elementor-lightbox-title=\"Savoiardi per Tiramis\u00f9 260g\" data-e-action-hash=\"#elementor-action%3Aaction%3Dlightbox%26settings%3DeyJpZCI6MjE4MDQsInVybCI6Imh0dHBzOlwvXC9jb3J0ZWxhenppLmN6XC93cC1jb250ZW50XC91cGxvYWRzXC8yMDIwXC8wOFwvU2F2b2lhcmRpLXBlci1UaXJhbWlzdS0yNjBnLmpwZyIsInNsaWRlc2hvdyI6IjA0MTU2ZDMifQ%3D%3D\" href='https:\/\/cortelazzi.cz\/wp-content\/uploads\/2020\/08\/Savoiardi-per-Tiramisu-260g.jpg'><img loading=\"lazy\" decoding=\"async\" width=\"300\" height=\"300\" src=\"https:\/\/cortelazzi.cz\/wp-content\/uploads\/2020\/08\/Savoiardi-per-Tiramisu-260g-300x300.jpg\" class=\"attachment-medium size-medium\" alt=\"\" aria-describedby=\"gallery-1-21804\" srcset=\"https:\/\/cortelazzi.cz\/wp-content\/uploads\/2020\/08\/Savoiardi-per-Tiramisu-260g-300x300.jpg 300w, https:\/\/cortelazzi.cz\/wp-content\/uploads\/2020\/08\/Savoiardi-per-Tiramisu-260g-150x150.jpg 150w, https:\/\/cortelazzi.cz\/wp-content\/uploads\/2020\/08\/Savoiardi-per-Tiramisu-260g-100x100.jpg 100w, https:\/\/cortelazzi.cz\/wp-content\/uploads\/2020\/08\/Savoiardi-per-Tiramisu-260g.jpg 500w\" sizes=\"(max-width: 300px) 100vw, 300px\" \/><\/a>\n\t\t\t<\/div>\n\t\t\t\t<figcaption class='wp-caption-text gallery-caption' id='gallery-1-21804'>\n\t\t\t\tSavoiardi per Tiramis\u00f9 260g\n\t\t\t\t<\/figcaption><\/figure><figure class='gallery-item'>\n\t\t\t<div class='gallery-icon landscape'>\n\t\t\t\t<a data-elementor-open-lightbox=\"yes\" data-elementor-lightbox-slideshow=\"04156d3\" data-elementor-lightbox-title=\"Torcetti al Burro 180g\" data-e-action-hash=\"#elementor-action%3Aaction%3Dlightbox%26settings%3DeyJpZCI6MjE4MDgsInVybCI6Imh0dHBzOlwvXC9jb3J0ZWxhenppLmN6XC93cC1jb250ZW50XC91cGxvYWRzXC8yMDIwXC8wOFwvVG9yY2V0dGktYWwtQnVycm8tMTgwZy5qcGciLCJzbGlkZXNob3ciOiIwNDE1NmQzIn0%3D\" href='https:\/\/cortelazzi.cz\/wp-content\/uploads\/2020\/08\/Torcetti-al-Burro-180g.jpg'><img loading=\"lazy\" decoding=\"async\" width=\"300\" height=\"300\" src=\"https:\/\/cortelazzi.cz\/wp-content\/uploads\/2020\/08\/Torcetti-al-Burro-180g-300x300.jpg\" class=\"attachment-medium size-medium\" alt=\"\" aria-describedby=\"gallery-1-21808\" srcset=\"https:\/\/cortelazzi.cz\/wp-content\/uploads\/2020\/08\/Torcetti-al-Burro-180g-300x300.jpg 300w, https:\/\/cortelazzi.cz\/wp-content\/uploads\/2020\/08\/Torcetti-al-Burro-180g-150x150.jpg 150w, https:\/\/cortelazzi.cz\/wp-content\/uploads\/2020\/08\/Torcetti-al-Burro-180g-100x100.jpg 100w, https:\/\/cortelazzi.cz\/wp-content\/uploads\/2020\/08\/Torcetti-al-Burro-180g.jpg 500w\" sizes=\"(max-width: 300px) 100vw, 300px\" \/><\/a>\n\t\t\t<\/div>\n\t\t\t\t<figcaption class='wp-caption-text gallery-caption' id='gallery-1-21808'>\n\t\t\t\tTorcetti al Burro 180g\n\t\t\t\t<\/figcaption><\/figure><figure class='gallery-item'>\n\t\t\t<div class='gallery-icon landscape'>\n\t\t\t\t<a data-elementor-open-lightbox=\"yes\" data-elementor-lightbox-slideshow=\"04156d3\" data-elementor-lightbox-title=\"Torcetti al Burro ricoperti di Cioccolato Fondente 200g\" data-e-action-hash=\"#elementor-action%3Aaction%3Dlightbox%26settings%3DeyJpZCI6MjE4MTIsInVybCI6Imh0dHBzOlwvXC9jb3J0ZWxhenppLmN6XC93cC1jb250ZW50XC91cGxvYWRzXC8yMDIwXC8wOFwvVG9yY2V0dGktYWwtQnVycm8tcmljb3BlcnRpLWRpLUNpb2Njb2xhdG8tRm9uZGVudGUtMjAwZy5qcGciLCJzbGlkZXNob3ciOiIwNDE1NmQzIn0%3D\" href='https:\/\/cortelazzi.cz\/wp-content\/uploads\/2020\/08\/Torcetti-al-Burro-ricoperti-di-Cioccolato-Fondente-200g.jpg'><img loading=\"lazy\" decoding=\"async\" width=\"300\" height=\"300\" src=\"https:\/\/cortelazzi.cz\/wp-content\/uploads\/2020\/08\/Torcetti-al-Burro-ricoperti-di-Cioccolato-Fondente-200g-300x300.jpg\" class=\"attachment-medium size-medium\" alt=\"\" aria-describedby=\"gallery-1-21812\" srcset=\"https:\/\/cortelazzi.cz\/wp-content\/uploads\/2020\/08\/Torcetti-al-Burro-ricoperti-di-Cioccolato-Fondente-200g-300x300.jpg 300w, https:\/\/cortelazzi.cz\/wp-content\/uploads\/2020\/08\/Torcetti-al-Burro-ricoperti-di-Cioccolato-Fondente-200g-150x150.jpg 150w, https:\/\/cortelazzi.cz\/wp-content\/uploads\/2020\/08\/Torcetti-al-Burro-ricoperti-di-Cioccolato-Fondente-200g-100x100.jpg 100w, https:\/\/cortelazzi.cz\/wp-content\/uploads\/2020\/08\/Torcetti-al-Burro-ricoperti-di-Cioccolato-Fondente-200g.jpg 500w\" sizes=\"(max-width: 300px) 100vw, 300px\" \/><\/a>\n\t\t\t<\/div>\n\t\t\t\t<figcaption class='wp-caption-text gallery-caption' id='gallery-1-21812'>\n\t\t\t\tTorcetti al Burro ricoperti di Cioccolato Fondente 200g\n\t\t\t\t<\/figcaption><\/figure>\n\t\t<\/div>\n\t\t<\/div>\n\t\t\t\t\t\t<\/div>\n\t\t\t\t<\/div>\n\t\t\t\t\t<\/div>\n\t\t<\/div>\n\t\t\t\t\t<\/div>\n\t\t<\/section>\n\t\t\t\t<section class=\"elementor-section elementor-top-section elementor-element elementor-element-9c11499 elementor-section-boxed elementor-section-height-default elementor-section-height-default\" data-id=\"9c11499\" data-element_type=\"section\" id=\"dove\" data-settings=\"{&quot;background_background&quot;:&quot;classic&quot;}\">\n\t\t\t\t\t\t<div class=\"elementor-container elementor-column-gap-default\">\n\t\t\t\t\t<div class=\"elementor-column elementor-col-50 elementor-top-column elementor-element elementor-element-37495a61 elementor-invisible\" data-id=\"37495a61\" data-element_type=\"column\" data-settings=\"{&quot;animation&quot;:&quot;fadeIn&quot;}\">\n\t\t\t<div class=\"elementor-widget-wrap elementor-element-populated\">\n\t\t\t\t\t\t<div class=\"elementor-element elementor-element-64fda403 elementor-invisible elementor-widget elementor-widget-image\" data-id=\"64fda403\" data-element_type=\"widget\" data-settings=\"{&quot;_animation&quot;:&quot;fadeInUp&quot;}\" data-widget_type=\"image.default\">\n\t\t\t\t<div class=\"elementor-widget-container\">\n\t\t\t\t\t\t\t\t\t\t\t\t\t\t\t<img loading=\"lazy\" decoding=\"async\" width=\"536\" height=\"469\" src=\"https:\/\/cortelazzi.cz\/wp-content\/uploads\/2025\/05\/presidente-cortelazzi-vieni-a-trovarci.jpg\" class=\"attachment-full size-full wp-image-20722\" alt=\"\" srcset=\"https:\/\/cortelazzi.cz\/wp-content\/uploads\/2025\/05\/presidente-cortelazzi-vieni-a-trovarci.jpg 536w, https:\/\/cortelazzi.cz\/wp-content\/uploads\/2025\/05\/presidente-cortelazzi-vieni-a-trovarci-300x263.jpg 300w\" sizes=\"(max-width: 536px) 100vw, 536px\" \/>\t\t\t\t\t\t\t\t\t\t\t\t\t\t\t<\/div>\n\t\t\t\t<\/div>\n\t\t\t\t\t<\/div>\n\t\t<\/div>\n\t\t\t\t<div class=\"elementor-column elementor-col-50 elementor-top-column elementor-element elementor-element-77502aee elementor-invisible\" data-id=\"77502aee\" data-element_type=\"column\" data-settings=\"{&quot;animation&quot;:&quot;fadeIn&quot;}\">\n\t\t\t<div class=\"elementor-widget-wrap elementor-element-populated\">\n\t\t\t\t\t\t<div class=\"elementor-element elementor-element-624362ab fontbig elementor-widget elementor-widget-heading\" data-id=\"624362ab\" data-element_type=\"widget\" data-widget_type=\"heading.default\">\n\t\t\t\t<div class=\"elementor-widget-container\">\n\t\t\t\t\t<h3 class=\"elementor-heading-title elementor-size-default\">Nav\u0161tivte n\u00e1s a objevte pravou italskou kvalitu<\/h3>\t\t\t\t<\/div>\n\t\t\t\t<\/div>\n\t\t\t\t<div class=\"elementor-element elementor-element-698aa1a6 elementor-widget elementor-widget-text-editor\" data-id=\"698aa1a6\" data-element_type=\"widget\" data-widget_type=\"text-editor.default\">\n\t\t\t\t<div class=\"elementor-widget-container\">\n\t\t\t\t\t\t\t\t\t<p><strong>Pr\u00e9miov\u00e9 italsk\u00e9 v\u00fdrobky La Rosa dei Gusti<\/strong>\u00a0na v\u00e1s \u010dekaj\u00ed v na\u0161\u00ed prodejn\u011b Cortelazzi v Praze. Objevte pot\u011b\u0161en\u00ed z uv\u011bdom\u011bl\u00e9ho a rafinovan\u00e9ho nakupov\u00e1n\u00ed: kvalitu, cenovou dostupnost a l\u00e1sku k autentick\u00fdm potravin\u00e1m.\u00a0 Pod\u00edvejte se, kde se nach\u00e1z\u00edme na map\u011b, a p\u0159ij\u010fte objevit v\u0161echny v\u00fdrobky La Rosa dei Gusti<\/p>\t\t\t\t\t\t\t\t<\/div>\n\t\t\t\t<\/div>\n\t\t\t\t<div class=\"elementor-element elementor-element-399145fd elementor-align-left elementor-mobile-align-center scroll icon-effect-yes elementor-widget elementor-widget-button\" data-id=\"399145fd\" data-element_type=\"widget\" data-widget_type=\"button.default\">\n\t\t\t\t<div class=\"elementor-widget-container\">\n\t\t\t\t\t\t\t\t\t<div class=\"elementor-button-wrapper\">\n\t\t\t\t\t<a class=\"elementor-button elementor-button-link elementor-size-sm\" href=\"https:\/\/maps.app.goo.gl\/wLJfKQi8VxPB9Dci6\" target=\"_blank\">\n\t\t\t\t\t\t<span class=\"elementor-button-content-wrapper\">\n\t\t\t\t\t\t\t\t\t<span class=\"elementor-button-text\">ZJIST\u011aTE, KDE JE NAJDETE<\/span>\n\t\t\t\t\t<\/span>\n\t\t\t\t\t<\/a>\n\t\t\t\t<\/div>\n\t\t\t\t\t\t\t\t<\/div>\n\t\t\t\t<\/div>\n\t\t\t\t\t<\/div>\n\t\t<\/div>\n\t\t\t\t\t<\/div>\n\t\t<\/section>\n\t\t\t\t<\/div>\n\t\t","protected":false},"excerpt":{"rendered":"<p>Dezerty Sladk\u00e1 italsk\u00e1 v\u00e1\u0161e\u0148 La Rosa dei Gusti di Cortelazzi nab\u00edz\u00ed neodolateln\u00e9 dezerty, p\u0159ipraven\u00e9 s \u0159emeslnou p\u00e9\u010d\u00ed a z kvalitn\u00edch surovin. Od tradi\u010dn\u00edch cukr\u00e1\u0159sk\u00fdch v\u00fdrobk\u016f po inovativn\u00ed delikatesy, ka\u017ed\u00fd sousto p\u0159in\u00e1\u0161\u00ed chu\u0165ov\u00e9 z\u00e1\u017eitky. Bastoncini al Cacao ricoperti di Cioccolato Fondente 180g Brutti ma Buoni 150g Cioccolato di Modica IGP agli Agrumi di Sicilia 80g Cioccolato [&hellip;]<\/p>\n","protected":false},"author":1,"featured_media":0,"parent":18826,"menu_order":0,"comment_status":"closed","ping_status":"closed","template":"","meta":{"inline_featured_image":false,"footnotes":"","_links_to":"","_links_to_target":""},"class_list":["post-20795","page","type-page","status-publish","hentry"],"yoast_head":"<!-- This site is optimized with the Yoast SEO plugin v27.4 - https:\/\/yoast.com\/product\/yoast-seo-wordpress\/ -->\n<title>La Rosa dei Gusti | Prodotti italiani premium per te<\/title>\n<meta name=\"description\" content=\"Scopri La Rosa dei Gusti: prodotti italiani premium, autentici e di qualit\u00e0. Esperienze culinarie che uniscono tradizione, creativit\u00e0 e benessere ogni giorno.\" \/>\n<meta name=\"robots\" content=\"index, follow, max-snippet:-1, max-image-preview:large, max-video-preview:-1\" \/>\n<link rel=\"canonical\" href=\"https:\/\/cortelazzi.cz\/prodotti-la-rosa-dei-gusti\/dolci\/\" \/>\n<meta property=\"og:locale\" content=\"cs_CZ\" \/>\n<meta property=\"og:type\" content=\"article\" \/>\n<meta property=\"og:title\" content=\"La Rosa dei Gusti | Prodotti italiani premium per te\" \/>\n<meta property=\"og:description\" content=\"Scopri La Rosa dei Gusti: prodotti italiani premium, autentici e di qualit\u00e0. Esperienze culinarie che uniscono tradizione, creativit\u00e0 e benessere ogni giorno.\" \/>\n<meta property=\"og:url\" content=\"https:\/\/cortelazzi.cz\/prodotti-la-rosa-dei-gusti\/dolci\/\" \/>\n<meta property=\"og:site_name\" content=\"Cortelazzi\" \/>\n<meta property=\"article:modified_time\" content=\"2025-07-30T15:36:29+00:00\" \/>\n<meta property=\"og:image\" content=\"https:\/\/cortelazzi.cz\/wp-content\/uploads\/2025\/05\/marchio-la-rosa-del-gusto.svg\" \/>\n<meta name=\"twitter:card\" content=\"summary_large_image\" \/>\n<meta name=\"twitter:label1\" content=\"Odhadovan\u00e1 doba \u010dten\u00ed\" \/>\n\t<meta name=\"twitter:data1\" content=\"5 minut\" \/>\n<script type=\"application\/ld+json\" class=\"yoast-schema-graph\">{\"@context\":\"https:\\\/\\\/schema.org\",\"@graph\":[{\"@type\":\"WebPage\",\"@id\":\"https:\\\/\\\/cortelazzi.cz\\\/prodotti-la-rosa-dei-gusti\\\/dolci\\\/\",\"url\":\"https:\\\/\\\/cortelazzi.cz\\\/prodotti-la-rosa-dei-gusti\\\/dolci\\\/\",\"name\":\"La Rosa dei Gusti | Prodotti italiani premium per te\",\"isPartOf\":{\"@id\":\"https:\\\/\\\/cortelazzi.cz\\\/#website\"},\"primaryImageOfPage\":{\"@id\":\"https:\\\/\\\/cortelazzi.cz\\\/prodotti-la-rosa-dei-gusti\\\/dolci\\\/#primaryimage\"},\"image\":{\"@id\":\"https:\\\/\\\/cortelazzi.cz\\\/prodotti-la-rosa-dei-gusti\\\/dolci\\\/#primaryimage\"},\"thumbnailUrl\":\"https:\\\/\\\/cortelazzi.cz\\\/wp-content\\\/uploads\\\/2025\\\/05\\\/marchio-la-rosa-del-gusto.svg\",\"datePublished\":\"2025-05-27T10:37:03+00:00\",\"dateModified\":\"2025-07-30T15:36:29+00:00\",\"description\":\"Scopri La Rosa dei Gusti: prodotti italiani premium, autentici e di qualit\u00e0. Esperienze culinarie che uniscono tradizione, creativit\u00e0 e benessere ogni giorno.\",\"breadcrumb\":{\"@id\":\"https:\\\/\\\/cortelazzi.cz\\\/prodotti-la-rosa-dei-gusti\\\/dolci\\\/#breadcrumb\"},\"inLanguage\":\"cs\",\"potentialAction\":[{\"@type\":\"ReadAction\",\"target\":[\"https:\\\/\\\/cortelazzi.cz\\\/prodotti-la-rosa-dei-gusti\\\/dolci\\\/\"]}]},{\"@type\":\"ImageObject\",\"inLanguage\":\"cs\",\"@id\":\"https:\\\/\\\/cortelazzi.cz\\\/prodotti-la-rosa-dei-gusti\\\/dolci\\\/#primaryimage\",\"url\":\"https:\\\/\\\/cortelazzi.cz\\\/wp-content\\\/uploads\\\/2025\\\/05\\\/marchio-la-rosa-del-gusto.svg\",\"contentUrl\":\"https:\\\/\\\/cortelazzi.cz\\\/wp-content\\\/uploads\\\/2025\\\/05\\\/marchio-la-rosa-del-gusto.svg\"},{\"@type\":\"BreadcrumbList\",\"@id\":\"https:\\\/\\\/cortelazzi.cz\\\/prodotti-la-rosa-dei-gusti\\\/dolci\\\/#breadcrumb\",\"itemListElement\":[{\"@type\":\"ListItem\",\"position\":1,\"name\":\"Home\",\"item\":\"https:\\\/\\\/cortelazzi.cz\\\/cs\\\/\"},{\"@type\":\"ListItem\",\"position\":2,\"name\":\"Produkty La Rosa dei gusti\",\"item\":\"https:\\\/\\\/cortelazzi.cz\\\/cs\\\/produkty-la-rosa-dei-gusti\\\/\"},{\"@type\":\"ListItem\",\"position\":3,\"name\":\"Dezerty &#8211; La Rosa dei gusti\"}]},{\"@type\":\"WebSite\",\"@id\":\"https:\\\/\\\/cortelazzi.cz\\\/#website\",\"url\":\"https:\\\/\\\/cortelazzi.cz\\\/\",\"name\":\"Cortelazzi\",\"description\":\"Food service\",\"potentialAction\":[{\"@type\":\"SearchAction\",\"target\":{\"@type\":\"EntryPoint\",\"urlTemplate\":\"https:\\\/\\\/cortelazzi.cz\\\/?s={search_term_string}\"},\"query-input\":{\"@type\":\"PropertyValueSpecification\",\"valueRequired\":true,\"valueName\":\"search_term_string\"}}],\"inLanguage\":\"cs\"}]}<\/script>\n<!-- \/ Yoast SEO plugin. -->","yoast_head_json":{"title":"La Rosa dei Gusti | Prodotti italiani premium per te","description":"Scopri La Rosa dei Gusti: prodotti italiani premium, autentici e di qualit\u00e0. Esperienze culinarie che uniscono tradizione, creativit\u00e0 e benessere ogni giorno.","robots":{"index":"index","follow":"follow","max-snippet":"max-snippet:-1","max-image-preview":"max-image-preview:large","max-video-preview":"max-video-preview:-1"},"canonical":"https:\/\/cortelazzi.cz\/prodotti-la-rosa-dei-gusti\/dolci\/","og_locale":"cs_CZ","og_type":"article","og_title":"La Rosa dei Gusti | Prodotti italiani premium per te","og_description":"Scopri La Rosa dei Gusti: prodotti italiani premium, autentici e di qualit\u00e0. Esperienze culinarie che uniscono tradizione, creativit\u00e0 e benessere ogni giorno.","og_url":"https:\/\/cortelazzi.cz\/prodotti-la-rosa-dei-gusti\/dolci\/","og_site_name":"Cortelazzi","article_modified_time":"2025-07-30T15:36:29+00:00","og_image":[{"url":"https:\/\/cortelazzi.cz\/wp-content\/uploads\/2025\/05\/marchio-la-rosa-del-gusto.svg","type":"","width":"","height":""}],"twitter_card":"summary_large_image","twitter_misc":{"Odhadovan\u00e1 doba \u010dten\u00ed":"5 minut"},"schema":{"@context":"https:\/\/schema.org","@graph":[{"@type":"WebPage","@id":"https:\/\/cortelazzi.cz\/prodotti-la-rosa-dei-gusti\/dolci\/","url":"https:\/\/cortelazzi.cz\/prodotti-la-rosa-dei-gusti\/dolci\/","name":"La Rosa dei Gusti | Prodotti italiani premium per te","isPartOf":{"@id":"https:\/\/cortelazzi.cz\/#website"},"primaryImageOfPage":{"@id":"https:\/\/cortelazzi.cz\/prodotti-la-rosa-dei-gusti\/dolci\/#primaryimage"},"image":{"@id":"https:\/\/cortelazzi.cz\/prodotti-la-rosa-dei-gusti\/dolci\/#primaryimage"},"thumbnailUrl":"https:\/\/cortelazzi.cz\/wp-content\/uploads\/2025\/05\/marchio-la-rosa-del-gusto.svg","datePublished":"2025-05-27T10:37:03+00:00","dateModified":"2025-07-30T15:36:29+00:00","description":"Scopri La Rosa dei Gusti: prodotti italiani premium, autentici e di qualit\u00e0. Esperienze culinarie che uniscono tradizione, creativit\u00e0 e benessere ogni giorno.","breadcrumb":{"@id":"https:\/\/cortelazzi.cz\/prodotti-la-rosa-dei-gusti\/dolci\/#breadcrumb"},"inLanguage":"cs","potentialAction":[{"@type":"ReadAction","target":["https:\/\/cortelazzi.cz\/prodotti-la-rosa-dei-gusti\/dolci\/"]}]},{"@type":"ImageObject","inLanguage":"cs","@id":"https:\/\/cortelazzi.cz\/prodotti-la-rosa-dei-gusti\/dolci\/#primaryimage","url":"https:\/\/cortelazzi.cz\/wp-content\/uploads\/2025\/05\/marchio-la-rosa-del-gusto.svg","contentUrl":"https:\/\/cortelazzi.cz\/wp-content\/uploads\/2025\/05\/marchio-la-rosa-del-gusto.svg"},{"@type":"BreadcrumbList","@id":"https:\/\/cortelazzi.cz\/prodotti-la-rosa-dei-gusti\/dolci\/#breadcrumb","itemListElement":[{"@type":"ListItem","position":1,"name":"Home","item":"https:\/\/cortelazzi.cz\/cs\/"},{"@type":"ListItem","position":2,"name":"Produkty La Rosa dei gusti","item":"https:\/\/cortelazzi.cz\/cs\/produkty-la-rosa-dei-gusti\/"},{"@type":"ListItem","position":3,"name":"Dezerty &#8211; La Rosa dei gusti"}]},{"@type":"WebSite","@id":"https:\/\/cortelazzi.cz\/#website","url":"https:\/\/cortelazzi.cz\/","name":"Cortelazzi","description":"Food service","potentialAction":[{"@type":"SearchAction","target":{"@type":"EntryPoint","urlTemplate":"https:\/\/cortelazzi.cz\/?s={search_term_string}"},"query-input":{"@type":"PropertyValueSpecification","valueRequired":true,"valueName":"search_term_string"}}],"inLanguage":"cs"}]}},"jetpack_sharing_enabled":true,"_links":{"self":[{"href":"https:\/\/cortelazzi.cz\/cs\/wp-json\/wp\/v2\/pages\/20795","targetHints":{"allow":["GET"]}}],"collection":[{"href":"https:\/\/cortelazzi.cz\/cs\/wp-json\/wp\/v2\/pages"}],"about":[{"href":"https:\/\/cortelazzi.cz\/cs\/wp-json\/wp\/v2\/types\/page"}],"author":[{"embeddable":true,"href":"https:\/\/cortelazzi.cz\/cs\/wp-json\/wp\/v2\/users\/1"}],"replies":[{"embeddable":true,"href":"https:\/\/cortelazzi.cz\/cs\/wp-json\/wp\/v2\/comments?post=20795"}],"version-history":[{"count":9,"href":"https:\/\/cortelazzi.cz\/cs\/wp-json\/wp\/v2\/pages\/20795\/revisions"}],"predecessor-version":[{"id":23823,"href":"https:\/\/cortelazzi.cz\/cs\/wp-json\/wp\/v2\/pages\/20795\/revisions\/23823"}],"up":[{"embeddable":true,"href":"https:\/\/cortelazzi.cz\/cs\/wp-json\/wp\/v2\/pages\/18826"}],"wp:attachment":[{"href":"https:\/\/cortelazzi.cz\/cs\/wp-json\/wp\/v2\/media?parent=20795"}],"curies":[{"name":"wp","href":"https:\/\/api.w.org\/{rel}","templated":true}]}}