
{"id":21014,"date":"2025-06-13T10:24:25","date_gmt":"2025-06-13T08:24:25","guid":{"rendered":"https:\/\/cortelazzi.cz\/?page_id=21014"},"modified":"2025-07-30T11:19:03","modified_gmt":"2025-07-30T09:19:03","slug":"nakladana-zelenina-v-octu-a-oleji","status":"publish","type":"page","link":"https:\/\/cortelazzi.cz\/cs\/produkty-la-rosa-dei-gusti\/nakladana-zelenina-v-octu-a-oleji\/","title":{"rendered":"Nakl\u00e1dan\u00e1 zelenina v octu a oleji &#8211; La Rosa dei gusti"},"content":{"rendered":"\t\t<div data-elementor-type=\"wp-page\" data-elementor-id=\"21014\" class=\"elementor elementor-21014 elementor-21013\" data-elementor-post-type=\"page\">\n\t\t\t\t\t\t<section class=\"elementor-section elementor-top-section elementor-element elementor-element-7c5a878 elementor-section-full_width elementor-section-height-min-height elementor-section-height-default elementor-section-items-middle\" data-id=\"7c5a878\" data-element_type=\"section\" data-settings=\"{&quot;background_background&quot;:&quot;classic&quot;}\">\n\t\t\t\t\t\t<div class=\"elementor-container elementor-column-gap-default\">\n\t\t\t\t\t<div class=\"elementor-column elementor-col-100 elementor-top-column elementor-element elementor-element-867ea17\" data-id=\"867ea17\" data-element_type=\"column\">\n\t\t\t<div class=\"elementor-widget-wrap elementor-element-populated\">\n\t\t\t\t\t\t<div class=\"elementor-element elementor-element-ab4ab9c rockbold elementor-widget elementor-widget-heading\" data-id=\"ab4ab9c\" data-element_type=\"widget\" data-widget_type=\"heading.default\">\n\t\t\t\t<div class=\"elementor-widget-container\">\n\t\t\t\t\t<h1 class=\"elementor-heading-title elementor-size-default\">Nakl\u00e1dan\u00e1 zelenina v octu a oleji<\/h1>\t\t\t\t<\/div>\n\t\t\t\t<\/div>\n\t\t\t\t<div class=\"elementor-element elementor-element-d4cf48f elementor-widget__width-auto elementor-absolute elementor-hidden-mobile elementor-invisible elementor-widget elementor-widget-image\" data-id=\"d4cf48f\" data-element_type=\"widget\" data-settings=\"{&quot;_position&quot;:&quot;absolute&quot;,&quot;_animation&quot;:&quot;fadeIn&quot;,&quot;motion_fx_motion_fx_scrolling&quot;:&quot;yes&quot;,&quot;_animation_delay&quot;:100,&quot;motion_fx_rotateZ_effect&quot;:&quot;yes&quot;,&quot;motion_fx_rotateZ_speed&quot;:{&quot;unit&quot;:&quot;px&quot;,&quot;size&quot;:1,&quot;sizes&quot;:[]},&quot;motion_fx_rotateZ_affectedRange&quot;:{&quot;unit&quot;:&quot;%&quot;,&quot;size&quot;:&quot;&quot;,&quot;sizes&quot;:{&quot;start&quot;:0,&quot;end&quot;:100}},&quot;motion_fx_devices&quot;:[&quot;desktop&quot;,&quot;laptop&quot;,&quot;tablet&quot;,&quot;mobile&quot;]}\" data-widget_type=\"image.default\">\n\t\t\t\t<div class=\"elementor-widget-container\">\n\t\t\t\t\t\t\t\t\t\t\t\t\t\t\t<img decoding=\"async\" width=\"1\" height=\"1\" src=\"https:\/\/cortelazzi.cz\/wp-content\/uploads\/2025\/05\/marchio-la-rosa-del-gusto.svg\" class=\"attachment-thumbnail size-thumbnail wp-image-18865\" alt=\"\" \/>\t\t\t\t\t\t\t\t\t\t\t\t\t\t\t<\/div>\n\t\t\t\t<\/div>\n\t\t\t\t\t<\/div>\n\t\t<\/div>\n\t\t\t\t\t<\/div>\n\t\t<\/section>\n\t\t\t\t<section class=\"elementor-section elementor-top-section elementor-element elementor-element-1e0d8d0 elementor-section-boxed elementor-section-height-default elementor-section-height-default\" data-id=\"1e0d8d0\" data-element_type=\"section\" data-settings=\"{&quot;background_background&quot;:&quot;classic&quot;}\">\n\t\t\t\t\t\t<div class=\"elementor-container elementor-column-gap-default\">\n\t\t\t\t\t<div class=\"elementor-column elementor-col-100 elementor-top-column elementor-element elementor-element-1d678d6\" data-id=\"1d678d6\" data-element_type=\"column\">\n\t\t\t<div class=\"elementor-widget-wrap elementor-element-populated\">\n\t\t\t\t\t\t<div class=\"elementor-element elementor-element-cf9a7f3 fontbig elementor-widget elementor-widget-heading\" data-id=\"cf9a7f3\" data-element_type=\"widget\" data-widget_type=\"heading.default\">\n\t\t\t\t<div class=\"elementor-widget-container\">\n\t\t\t\t\t<h2 class=\"elementor-heading-title elementor-size-default\">Ide\u00e1ln\u00ed pro chu\u0165ov\u00e9 poh\u00e1rky<\/h2>\t\t\t\t<\/div>\n\t\t\t\t<\/div>\n\t\t\t\t<div class=\"elementor-element elementor-element-4f18e5e elementor-widget__width-initial elementor-widget elementor-widget-text-editor\" data-id=\"4f18e5e\" data-element_type=\"widget\" data-widget_type=\"text-editor.default\">\n\t\t\t\t<div class=\"elementor-widget-container\">\n\t\t\t\t\t\t\t\t\t<p>La Rosa dei Gusti nab\u00edz\u00ed <strong>nakl\u00e1dan\u00e9 a konzervovan\u00e9 produkty<\/strong>, kter\u00e9 jsou pe\u010dliv\u011b p\u0159ipravov\u00e1ny ru\u010dn\u011b z \u010derstv\u00fdch surovin.<br \/>Intenzivn\u00ed chut\u011b a k\u0159upav\u00e1 konzistence p\u0159in\u00e1\u0161ej\u00ed na st\u016fl to nejlep\u0161\u00ed z italsk\u00e9 tradice.<br \/>Jsou ide\u00e1ln\u00ed jako p\u0159edkrm, p\u0159\u00edloha nebo <strong>chutn\u00fd dopln\u011bk k jak\u00e9koli p\u0159\u00edle\u017eitosti<\/strong><\/p>\t\t\t\t\t\t\t\t<\/div>\n\t\t\t\t<\/div>\n\t\t\t\t\t<\/div>\n\t\t<\/div>\n\t\t\t\t\t<\/div>\n\t\t<\/section>\n\t\t\t\t<section class=\"elementor-section elementor-top-section elementor-element elementor-element-d255091 categorie-rdg elementor-section-boxed elementor-section-height-default elementor-section-height-default\" data-id=\"d255091\" data-element_type=\"section\" data-settings=\"{&quot;background_background&quot;:&quot;classic&quot;}\">\n\t\t\t\t\t\t<div class=\"elementor-container elementor-column-gap-default\">\n\t\t\t\t\t<div class=\"elementor-column elementor-col-100 elementor-top-column elementor-element elementor-element-ca18e4d\" data-id=\"ca18e4d\" data-element_type=\"column\">\n\t\t\t<div class=\"elementor-widget-wrap elementor-element-populated\">\n\t\t\t\t\t\t<div class=\"elementor-element elementor-element-04156d3 gallery-spacing-custom elementor-hidden-mobile elementor-widget elementor-widget-image-gallery\" data-id=\"04156d3\" data-element_type=\"widget\" data-widget_type=\"image-gallery.default\">\n\t\t\t\t<div class=\"elementor-widget-container\">\n\t\t\t\t\t\t\t<div class=\"elementor-image-gallery\">\n\t\t\t<div id='gallery-1' class='gallery galleryid-21014 gallery-columns-4 gallery-size-medium'><figure class='gallery-item'>\n\t\t\t<div class='gallery-icon landscape'>\n\t\t\t\t<a data-elementor-open-lightbox=\"yes\" data-elementor-lightbox-slideshow=\"04156d3\" data-elementor-lightbox-title=\"Acciughe del Cantabrico 48g\" data-e-action-hash=\"#elementor-action%3Aaction%3Dlightbox%26settings%3DeyJpZCI6MjE2NTIsInVybCI6Imh0dHBzOlwvXC9jb3J0ZWxhenppLmN6XC93cC1jb250ZW50XC91cGxvYWRzXC8yMDIwXC8wOFwvQWNjaXVnaGUtZGVsLUNhbnRhYnJpY28tNDhnLTEuanBnIiwic2xpZGVzaG93IjoiMDQxNTZkMyJ9\" href='https:\/\/cortelazzi.cz\/wp-content\/uploads\/2020\/08\/Acciughe-del-Cantabrico-48g-1.jpg'><img fetchpriority=\"high\" decoding=\"async\" width=\"300\" height=\"300\" src=\"https:\/\/cortelazzi.cz\/wp-content\/uploads\/2020\/08\/Acciughe-del-Cantabrico-48g-1-300x300.jpg\" class=\"attachment-medium size-medium\" alt=\"\" aria-describedby=\"gallery-1-21652\" srcset=\"https:\/\/cortelazzi.cz\/wp-content\/uploads\/2020\/08\/Acciughe-del-Cantabrico-48g-1-300x300.jpg 300w, https:\/\/cortelazzi.cz\/wp-content\/uploads\/2020\/08\/Acciughe-del-Cantabrico-48g-1-150x150.jpg 150w, https:\/\/cortelazzi.cz\/wp-content\/uploads\/2020\/08\/Acciughe-del-Cantabrico-48g-1-100x100.jpg 100w, https:\/\/cortelazzi.cz\/wp-content\/uploads\/2020\/08\/Acciughe-del-Cantabrico-48g-1.jpg 500w\" sizes=\"(max-width: 300px) 100vw, 300px\" \/><\/a>\n\t\t\t<\/div>\n\t\t\t\t<figcaption class='wp-caption-text gallery-caption' id='gallery-1-21652'>\n\t\t\t\tAcciughe del Cantabrico 48g\n\t\t\t\t<\/figcaption><\/figure><figure class='gallery-item'>\n\t\t\t<div class='gallery-icon landscape'>\n\t\t\t\t<a data-elementor-open-lightbox=\"yes\" data-elementor-lightbox-slideshow=\"04156d3\" data-elementor-lightbox-title=\"Acciughe del Cantabrico 100g\" data-e-action-hash=\"#elementor-action%3Aaction%3Dlightbox%26settings%3DeyJpZCI6MjE2NTYsInVybCI6Imh0dHBzOlwvXC9jb3J0ZWxhenppLmN6XC93cC1jb250ZW50XC91cGxvYWRzXC8yMDIwXC8wOFwvQWNjaXVnaGUtZGVsLUNhbnRhYnJpY28tMTAwZy0xLmpwZyIsInNsaWRlc2hvdyI6IjA0MTU2ZDMifQ%3D%3D\" href='https:\/\/cortelazzi.cz\/wp-content\/uploads\/2020\/08\/Acciughe-del-Cantabrico-100g-1.jpg'><img decoding=\"async\" width=\"300\" height=\"300\" src=\"https:\/\/cortelazzi.cz\/wp-content\/uploads\/2020\/08\/Acciughe-del-Cantabrico-100g-1-300x300.jpg\" class=\"attachment-medium size-medium\" alt=\"\" aria-describedby=\"gallery-1-21656\" srcset=\"https:\/\/cortelazzi.cz\/wp-content\/uploads\/2020\/08\/Acciughe-del-Cantabrico-100g-1-300x300.jpg 300w, https:\/\/cortelazzi.cz\/wp-content\/uploads\/2020\/08\/Acciughe-del-Cantabrico-100g-1-150x150.jpg 150w, https:\/\/cortelazzi.cz\/wp-content\/uploads\/2020\/08\/Acciughe-del-Cantabrico-100g-1-100x100.jpg 100w, https:\/\/cortelazzi.cz\/wp-content\/uploads\/2020\/08\/Acciughe-del-Cantabrico-100g-1.jpg 500w\" sizes=\"(max-width: 300px) 100vw, 300px\" \/><\/a>\n\t\t\t<\/div>\n\t\t\t\t<figcaption class='wp-caption-text gallery-caption' id='gallery-1-21656'>\n\t\t\t\tAcciughe del Cantabrico 100g\n\t\t\t\t<\/figcaption><\/figure><figure class='gallery-item'>\n\t\t\t<div class='gallery-icon landscape'>\n\t\t\t\t<a data-elementor-open-lightbox=\"yes\" data-elementor-lightbox-slideshow=\"04156d3\" data-elementor-lightbox-title=\"Alici del Mar Cantabrico marinate nell&#039;Aceto di Vermouth 140g\" data-e-action-hash=\"#elementor-action%3Aaction%3Dlightbox%26settings%3DeyJpZCI6MjE2NjAsInVybCI6Imh0dHBzOlwvXC9jb3J0ZWxhenppLmN6XC93cC1jb250ZW50XC91cGxvYWRzXC8yMDIwXC8wOFwvQWxpY2ktZGVsLU1hci1DYW50YWJyaWNvLW1hcmluYXRlLW5lbGxBY2V0by1kaS1WZXJtb3V0aC0xNDBnLTEuanBnIiwic2xpZGVzaG93IjoiMDQxNTZkMyJ9\" href='https:\/\/cortelazzi.cz\/wp-content\/uploads\/2020\/08\/Alici-del-Mar-Cantabrico-marinate-nellAceto-di-Vermouth-140g-1.jpg'><img loading=\"lazy\" decoding=\"async\" width=\"300\" height=\"300\" src=\"https:\/\/cortelazzi.cz\/wp-content\/uploads\/2020\/08\/Alici-del-Mar-Cantabrico-marinate-nellAceto-di-Vermouth-140g-1-300x300.jpg\" class=\"attachment-medium size-medium\" alt=\"\" aria-describedby=\"gallery-1-21660\" srcset=\"https:\/\/cortelazzi.cz\/wp-content\/uploads\/2020\/08\/Alici-del-Mar-Cantabrico-marinate-nellAceto-di-Vermouth-140g-1-300x300.jpg 300w, https:\/\/cortelazzi.cz\/wp-content\/uploads\/2020\/08\/Alici-del-Mar-Cantabrico-marinate-nellAceto-di-Vermouth-140g-1-150x150.jpg 150w, https:\/\/cortelazzi.cz\/wp-content\/uploads\/2020\/08\/Alici-del-Mar-Cantabrico-marinate-nellAceto-di-Vermouth-140g-1-100x100.jpg 100w, https:\/\/cortelazzi.cz\/wp-content\/uploads\/2020\/08\/Alici-del-Mar-Cantabrico-marinate-nellAceto-di-Vermouth-140g-1.jpg 500w\" sizes=\"(max-width: 300px) 100vw, 300px\" \/><\/a>\n\t\t\t<\/div>\n\t\t\t\t<figcaption class='wp-caption-text gallery-caption' id='gallery-1-21660'>\n\t\t\t\tAlici del Mar Cantabrico marinate nell&#8217;Aceto di Vermouth 140g\n\t\t\t\t<\/figcaption><\/figure><figure class='gallery-item'>\n\t\t\t<div class='gallery-icon landscape'>\n\t\t\t\t<a data-elementor-open-lightbox=\"yes\" data-elementor-lightbox-slideshow=\"04156d3\" data-elementor-lightbox-title=\"Bottarga di Muggine Grattugiata\" data-e-action-hash=\"#elementor-action%3Aaction%3Dlightbox%26settings%3DeyJpZCI6MjE2NjQsInVybCI6Imh0dHBzOlwvXC9jb3J0ZWxhenppLmN6XC93cC1jb250ZW50XC91cGxvYWRzXC8yMDIwXC8wOFwvQm90dGFyZ2EtZGktTXVnZ2luZS1HcmF0dHVnaWF0YS0xLmpwZyIsInNsaWRlc2hvdyI6IjA0MTU2ZDMifQ%3D%3D\" href='https:\/\/cortelazzi.cz\/wp-content\/uploads\/2020\/08\/Bottarga-di-Muggine-Grattugiata-1.jpg'><img loading=\"lazy\" decoding=\"async\" width=\"300\" height=\"300\" src=\"https:\/\/cortelazzi.cz\/wp-content\/uploads\/2020\/08\/Bottarga-di-Muggine-Grattugiata-1-300x300.jpg\" class=\"attachment-medium size-medium\" alt=\"\" aria-describedby=\"gallery-1-21664\" srcset=\"https:\/\/cortelazzi.cz\/wp-content\/uploads\/2020\/08\/Bottarga-di-Muggine-Grattugiata-1-300x300.jpg 300w, https:\/\/cortelazzi.cz\/wp-content\/uploads\/2020\/08\/Bottarga-di-Muggine-Grattugiata-1-150x150.jpg 150w, https:\/\/cortelazzi.cz\/wp-content\/uploads\/2020\/08\/Bottarga-di-Muggine-Grattugiata-1-100x100.jpg 100w, https:\/\/cortelazzi.cz\/wp-content\/uploads\/2020\/08\/Bottarga-di-Muggine-Grattugiata-1.jpg 500w\" sizes=\"(max-width: 300px) 100vw, 300px\" \/><\/a>\n\t\t\t<\/div>\n\t\t\t\t<figcaption class='wp-caption-text gallery-caption' id='gallery-1-21664'>\n\t\t\t\tAlici del Mar Cantabrico marinate nell&#8217;Aceto di Vermouth 140g\n\t\t\t\t<\/figcaption><\/figure><figure class='gallery-item'>\n\t\t\t<div class='gallery-icon landscape'>\n\t\t\t\t<a data-elementor-open-lightbox=\"yes\" data-elementor-lightbox-slideshow=\"04156d3\" data-elementor-lightbox-title=\"Caponata Siciliana 190g\" data-e-action-hash=\"#elementor-action%3Aaction%3Dlightbox%26settings%3DeyJpZCI6MjE2NjgsInVybCI6Imh0dHBzOlwvXC9jb3J0ZWxhenppLmN6XC93cC1jb250ZW50XC91cGxvYWRzXC8yMDIwXC8wOFwvQ2Fwb25hdGEtU2ljaWxpYW5hLTE5MGctMS5qcGciLCJzbGlkZXNob3ciOiIwNDE1NmQzIn0%3D\" href='https:\/\/cortelazzi.cz\/wp-content\/uploads\/2020\/08\/Caponata-Siciliana-190g-1.jpg'><img loading=\"lazy\" decoding=\"async\" width=\"300\" height=\"300\" src=\"https:\/\/cortelazzi.cz\/wp-content\/uploads\/2020\/08\/Caponata-Siciliana-190g-1-300x300.jpg\" class=\"attachment-medium size-medium\" alt=\"\" aria-describedby=\"gallery-1-21668\" srcset=\"https:\/\/cortelazzi.cz\/wp-content\/uploads\/2020\/08\/Caponata-Siciliana-190g-1-300x300.jpg 300w, https:\/\/cortelazzi.cz\/wp-content\/uploads\/2020\/08\/Caponata-Siciliana-190g-1-150x150.jpg 150w, https:\/\/cortelazzi.cz\/wp-content\/uploads\/2020\/08\/Caponata-Siciliana-190g-1-100x100.jpg 100w, https:\/\/cortelazzi.cz\/wp-content\/uploads\/2020\/08\/Caponata-Siciliana-190g-1.jpg 500w\" sizes=\"(max-width: 300px) 100vw, 300px\" \/><\/a>\n\t\t\t<\/div>\n\t\t\t\t<figcaption class='wp-caption-text gallery-caption' id='gallery-1-21668'>\n\t\t\t\tAlici del Mar Cantabrico marinate nell&#8217;Aceto di Vermouth 140g\n\t\t\t\t<\/figcaption><\/figure><figure class='gallery-item'>\n\t\t\t<div class='gallery-icon landscape'>\n\t\t\t\t<a data-elementor-open-lightbox=\"yes\" data-elementor-lightbox-slideshow=\"04156d3\" data-elementor-lightbox-title=\"Carpaccio di Porcini in Olio 190g\" data-e-action-hash=\"#elementor-action%3Aaction%3Dlightbox%26settings%3DeyJpZCI6MjE2NzIsInVybCI6Imh0dHBzOlwvXC9jb3J0ZWxhenppLmN6XC93cC1jb250ZW50XC91cGxvYWRzXC8yMDIwXC8wOFwvQ2FycGFjY2lvLWRpLVBvcmNpbmktaW4tT2xpby0xOTBnLTEuanBnIiwic2xpZGVzaG93IjoiMDQxNTZkMyJ9\" href='https:\/\/cortelazzi.cz\/wp-content\/uploads\/2020\/08\/Carpaccio-di-Porcini-in-Olio-190g-1.jpg'><img loading=\"lazy\" decoding=\"async\" width=\"300\" height=\"300\" src=\"https:\/\/cortelazzi.cz\/wp-content\/uploads\/2020\/08\/Carpaccio-di-Porcini-in-Olio-190g-1-300x300.jpg\" class=\"attachment-medium size-medium\" alt=\"\" aria-describedby=\"gallery-1-21672\" srcset=\"https:\/\/cortelazzi.cz\/wp-content\/uploads\/2020\/08\/Carpaccio-di-Porcini-in-Olio-190g-1-300x300.jpg 300w, https:\/\/cortelazzi.cz\/wp-content\/uploads\/2020\/08\/Carpaccio-di-Porcini-in-Olio-190g-1-150x150.jpg 150w, https:\/\/cortelazzi.cz\/wp-content\/uploads\/2020\/08\/Carpaccio-di-Porcini-in-Olio-190g-1-100x100.jpg 100w, https:\/\/cortelazzi.cz\/wp-content\/uploads\/2020\/08\/Carpaccio-di-Porcini-in-Olio-190g-1.jpg 500w\" sizes=\"(max-width: 300px) 100vw, 300px\" \/><\/a>\n\t\t\t<\/div>\n\t\t\t\t<figcaption class='wp-caption-text gallery-caption' id='gallery-1-21672'>\n\t\t\t\tCarpaccio di Porcini in Olio 190g\n\t\t\t\t<\/figcaption><\/figure><figure class='gallery-item'>\n\t\t\t<div class='gallery-icon landscape'>\n\t\t\t\t<a data-elementor-open-lightbox=\"yes\" data-elementor-lightbox-slideshow=\"04156d3\" data-elementor-lightbox-title=\"Ceci al Naturale 370ml\" data-e-action-hash=\"#elementor-action%3Aaction%3Dlightbox%26settings%3DeyJpZCI6MjE2NzYsInVybCI6Imh0dHBzOlwvXC9jb3J0ZWxhenppLmN6XC93cC1jb250ZW50XC91cGxvYWRzXC8yMDIwXC8wOFwvQ2VjaS1hbC1OYXR1cmFsZS0zNzBtbC0xLmpwZyIsInNsaWRlc2hvdyI6IjA0MTU2ZDMifQ%3D%3D\" href='https:\/\/cortelazzi.cz\/wp-content\/uploads\/2020\/08\/Ceci-al-Naturale-370ml-1.jpg'><img loading=\"lazy\" decoding=\"async\" width=\"300\" height=\"300\" src=\"https:\/\/cortelazzi.cz\/wp-content\/uploads\/2020\/08\/Ceci-al-Naturale-370ml-1-300x300.jpg\" class=\"attachment-medium size-medium\" alt=\"\" aria-describedby=\"gallery-1-21676\" srcset=\"https:\/\/cortelazzi.cz\/wp-content\/uploads\/2020\/08\/Ceci-al-Naturale-370ml-1-300x300.jpg 300w, https:\/\/cortelazzi.cz\/wp-content\/uploads\/2020\/08\/Ceci-al-Naturale-370ml-1-150x150.jpg 150w, https:\/\/cortelazzi.cz\/wp-content\/uploads\/2020\/08\/Ceci-al-Naturale-370ml-1-100x100.jpg 100w, https:\/\/cortelazzi.cz\/wp-content\/uploads\/2020\/08\/Ceci-al-Naturale-370ml-1.jpg 500w\" sizes=\"(max-width: 300px) 100vw, 300px\" \/><\/a>\n\t\t\t<\/div>\n\t\t\t\t<figcaption class='wp-caption-text gallery-caption' id='gallery-1-21676'>\n\t\t\t\tCeci al Naturale 370ml\n\t\t\t\t<\/figcaption><\/figure><figure class='gallery-item'>\n\t\t\t<div class='gallery-icon landscape'>\n\t\t\t\t<a data-elementor-open-lightbox=\"yes\" data-elementor-lightbox-slideshow=\"04156d3\" data-elementor-lightbox-title=\"Cipolle di Tropea IGP in Agrodolce 390g\" data-e-action-hash=\"#elementor-action%3Aaction%3Dlightbox%26settings%3DeyJpZCI6MjE2ODAsInVybCI6Imh0dHBzOlwvXC9jb3J0ZWxhenppLmN6XC93cC1jb250ZW50XC91cGxvYWRzXC8yMDIwXC8wOFwvQ2lwb2xsZS1kaS1Ucm9wZWEtSUdQLWluLUFncm9kb2xjZS0zOTBnLTEuanBnIiwic2xpZGVzaG93IjoiMDQxNTZkMyJ9\" href='https:\/\/cortelazzi.cz\/wp-content\/uploads\/2020\/08\/Cipolle-di-Tropea-IGP-in-Agrodolce-390g-1.jpg'><img loading=\"lazy\" decoding=\"async\" width=\"300\" height=\"300\" src=\"https:\/\/cortelazzi.cz\/wp-content\/uploads\/2020\/08\/Cipolle-di-Tropea-IGP-in-Agrodolce-390g-1-300x300.jpg\" class=\"attachment-medium size-medium\" alt=\"\" aria-describedby=\"gallery-1-21680\" srcset=\"https:\/\/cortelazzi.cz\/wp-content\/uploads\/2020\/08\/Cipolle-di-Tropea-IGP-in-Agrodolce-390g-1-300x300.jpg 300w, https:\/\/cortelazzi.cz\/wp-content\/uploads\/2020\/08\/Cipolle-di-Tropea-IGP-in-Agrodolce-390g-1-150x150.jpg 150w, https:\/\/cortelazzi.cz\/wp-content\/uploads\/2020\/08\/Cipolle-di-Tropea-IGP-in-Agrodolce-390g-1-100x100.jpg 100w, https:\/\/cortelazzi.cz\/wp-content\/uploads\/2020\/08\/Cipolle-di-Tropea-IGP-in-Agrodolce-390g-1.jpg 500w\" sizes=\"(max-width: 300px) 100vw, 300px\" \/><\/a>\n\t\t\t<\/div>\n\t\t\t\t<figcaption class='wp-caption-text gallery-caption' id='gallery-1-21680'>\n\t\t\t\tCipolle di Tropea IGP in Agrodolce 390g\n\t\t\t\t<\/figcaption><\/figure><figure class='gallery-item'>\n\t\t\t<div class='gallery-icon landscape'>\n\t\t\t\t<a data-elementor-open-lightbox=\"yes\" data-elementor-lightbox-slideshow=\"04156d3\" data-elementor-lightbox-title=\"Fagioli Borlotti al Naturale 370ml\" data-e-action-hash=\"#elementor-action%3Aaction%3Dlightbox%26settings%3DeyJpZCI6MjE2ODQsInVybCI6Imh0dHBzOlwvXC9jb3J0ZWxhenppLmN6XC93cC1jb250ZW50XC91cGxvYWRzXC8yMDIwXC8wOFwvRmFnaW9saS1Cb3Jsb3R0aS1hbC1OYXR1cmFsZS0zNzBtbC0xLmpwZyIsInNsaWRlc2hvdyI6IjA0MTU2ZDMifQ%3D%3D\" href='https:\/\/cortelazzi.cz\/wp-content\/uploads\/2020\/08\/Fagioli-Borlotti-al-Naturale-370ml-1.jpg'><img loading=\"lazy\" decoding=\"async\" width=\"300\" height=\"300\" src=\"https:\/\/cortelazzi.cz\/wp-content\/uploads\/2020\/08\/Fagioli-Borlotti-al-Naturale-370ml-1-300x300.jpg\" class=\"attachment-medium size-medium\" alt=\"\" aria-describedby=\"gallery-1-21684\" srcset=\"https:\/\/cortelazzi.cz\/wp-content\/uploads\/2020\/08\/Fagioli-Borlotti-al-Naturale-370ml-1-300x300.jpg 300w, https:\/\/cortelazzi.cz\/wp-content\/uploads\/2020\/08\/Fagioli-Borlotti-al-Naturale-370ml-1-150x150.jpg 150w, https:\/\/cortelazzi.cz\/wp-content\/uploads\/2020\/08\/Fagioli-Borlotti-al-Naturale-370ml-1-100x100.jpg 100w, https:\/\/cortelazzi.cz\/wp-content\/uploads\/2020\/08\/Fagioli-Borlotti-al-Naturale-370ml-1.jpg 500w\" sizes=\"(max-width: 300px) 100vw, 300px\" \/><\/a>\n\t\t\t<\/div>\n\t\t\t\t<figcaption class='wp-caption-text gallery-caption' id='gallery-1-21684'>\n\t\t\t\tCipolle di Tropea IGP in Agrodolce 390g\n\t\t\t\t<\/figcaption><\/figure><figure class='gallery-item'>\n\t\t\t<div class='gallery-icon landscape'>\n\t\t\t\t<a data-elementor-open-lightbox=\"yes\" data-elementor-lightbox-slideshow=\"04156d3\" data-elementor-lightbox-title=\"Fagioli Cannellini al Naturale 370ml\" data-e-action-hash=\"#elementor-action%3Aaction%3Dlightbox%26settings%3DeyJpZCI6MjE2ODgsInVybCI6Imh0dHBzOlwvXC9jb3J0ZWxhenppLmN6XC93cC1jb250ZW50XC91cGxvYWRzXC8yMDIwXC8wOFwvRmFnaW9saS1DYW5uZWxsaW5pLWFsLU5hdHVyYWxlLTM3MG1sLTEuanBnIiwic2xpZGVzaG93IjoiMDQxNTZkMyJ9\" href='https:\/\/cortelazzi.cz\/wp-content\/uploads\/2020\/08\/Fagioli-Cannellini-al-Naturale-370ml-1.jpg'><img loading=\"lazy\" decoding=\"async\" width=\"300\" height=\"300\" src=\"https:\/\/cortelazzi.cz\/wp-content\/uploads\/2020\/08\/Fagioli-Cannellini-al-Naturale-370ml-1-300x300.jpg\" class=\"attachment-medium size-medium\" alt=\"\" aria-describedby=\"gallery-1-21688\" srcset=\"https:\/\/cortelazzi.cz\/wp-content\/uploads\/2020\/08\/Fagioli-Cannellini-al-Naturale-370ml-1-300x300.jpg 300w, https:\/\/cortelazzi.cz\/wp-content\/uploads\/2020\/08\/Fagioli-Cannellini-al-Naturale-370ml-1-150x150.jpg 150w, https:\/\/cortelazzi.cz\/wp-content\/uploads\/2020\/08\/Fagioli-Cannellini-al-Naturale-370ml-1-100x100.jpg 100w, https:\/\/cortelazzi.cz\/wp-content\/uploads\/2020\/08\/Fagioli-Cannellini-al-Naturale-370ml-1.jpg 500w\" sizes=\"(max-width: 300px) 100vw, 300px\" \/><\/a>\n\t\t\t<\/div>\n\t\t\t\t<figcaption class='wp-caption-text gallery-caption' id='gallery-1-21688'>\n\t\t\t\tFagioli Cannellini al Naturale 370ml\n\t\t\t\t<\/figcaption><\/figure><figure class='gallery-item'>\n\t\t\t<div class='gallery-icon landscape'>\n\t\t\t\t<a data-elementor-open-lightbox=\"yes\" data-elementor-lightbox-slideshow=\"04156d3\" data-elementor-lightbox-title=\"Filetti di sgombro\" data-e-action-hash=\"#elementor-action%3Aaction%3Dlightbox%26settings%3DeyJpZCI6MjE2OTIsInVybCI6Imh0dHBzOlwvXC9jb3J0ZWxhenppLmN6XC93cC1jb250ZW50XC91cGxvYWRzXC8yMDIwXC8wOFwvRmlsZXR0aS1kaS1zZ29tYnJvLTEtMS5qcGciLCJzbGlkZXNob3ciOiIwNDE1NmQzIn0%3D\" href='https:\/\/cortelazzi.cz\/wp-content\/uploads\/2020\/08\/Filetti-di-sgombro-1-1.jpg'><img loading=\"lazy\" decoding=\"async\" width=\"300\" height=\"300\" src=\"https:\/\/cortelazzi.cz\/wp-content\/uploads\/2020\/08\/Filetti-di-sgombro-1-1-300x300.jpg\" class=\"attachment-medium size-medium\" alt=\"\" aria-describedby=\"gallery-1-21692\" srcset=\"https:\/\/cortelazzi.cz\/wp-content\/uploads\/2020\/08\/Filetti-di-sgombro-1-1-300x300.jpg 300w, https:\/\/cortelazzi.cz\/wp-content\/uploads\/2020\/08\/Filetti-di-sgombro-1-1-150x150.jpg 150w, https:\/\/cortelazzi.cz\/wp-content\/uploads\/2020\/08\/Filetti-di-sgombro-1-1-100x100.jpg 100w, https:\/\/cortelazzi.cz\/wp-content\/uploads\/2020\/08\/Filetti-di-sgombro-1-1.jpg 500w\" sizes=\"(max-width: 300px) 100vw, 300px\" \/><\/a>\n\t\t\t<\/div>\n\t\t\t\t<figcaption class='wp-caption-text gallery-caption' id='gallery-1-21692'>\n\t\t\t\tFiletti di sgombro \n\t\t\t\t<\/figcaption><\/figure><figure class='gallery-item'>\n\t\t\t<div class='gallery-icon landscape'>\n\t\t\t\t<a data-elementor-open-lightbox=\"yes\" data-elementor-lightbox-slideshow=\"04156d3\" data-elementor-lightbox-title=\"Giardiniera di Verdure in Agrodolce 540g\" data-e-action-hash=\"#elementor-action%3Aaction%3Dlightbox%26settings%3DeyJpZCI6MjE2OTYsInVybCI6Imh0dHBzOlwvXC9jb3J0ZWxhenppLmN6XC93cC1jb250ZW50XC91cGxvYWRzXC8yMDIwXC8wOFwvR2lhcmRpbmllcmEtZGktVmVyZHVyZS1pbi1BZ3JvZG9sY2UtNTQwZy0xLmpwZyIsInNsaWRlc2hvdyI6IjA0MTU2ZDMifQ%3D%3D\" href='https:\/\/cortelazzi.cz\/wp-content\/uploads\/2020\/08\/Giardiniera-di-Verdure-in-Agrodolce-540g-1.jpg'><img loading=\"lazy\" decoding=\"async\" width=\"300\" height=\"300\" src=\"https:\/\/cortelazzi.cz\/wp-content\/uploads\/2020\/08\/Giardiniera-di-Verdure-in-Agrodolce-540g-1-300x300.jpg\" class=\"attachment-medium size-medium\" alt=\"\" aria-describedby=\"gallery-1-21696\" srcset=\"https:\/\/cortelazzi.cz\/wp-content\/uploads\/2020\/08\/Giardiniera-di-Verdure-in-Agrodolce-540g-1-300x300.jpg 300w, https:\/\/cortelazzi.cz\/wp-content\/uploads\/2020\/08\/Giardiniera-di-Verdure-in-Agrodolce-540g-1-150x150.jpg 150w, https:\/\/cortelazzi.cz\/wp-content\/uploads\/2020\/08\/Giardiniera-di-Verdure-in-Agrodolce-540g-1-100x100.jpg 100w, https:\/\/cortelazzi.cz\/wp-content\/uploads\/2020\/08\/Giardiniera-di-Verdure-in-Agrodolce-540g-1.jpg 500w\" sizes=\"(max-width: 300px) 100vw, 300px\" \/><\/a>\n\t\t\t<\/div>\n\t\t\t\t<figcaption class='wp-caption-text gallery-caption' id='gallery-1-21696'>\n\t\t\t\tGiardiniera di Verdure in Agrodolce 540g\n\t\t\t\t<\/figcaption><\/figure><figure class='gallery-item'>\n\t\t\t<div class='gallery-icon landscape'>\n\t\t\t\t<a data-elementor-open-lightbox=\"yes\" data-elementor-lightbox-slideshow=\"04156d3\" data-elementor-lightbox-title=\"&#039;Nduja 130g\" data-e-action-hash=\"#elementor-action%3Aaction%3Dlightbox%26settings%3DeyJpZCI6MjE3MDAsInVybCI6Imh0dHBzOlwvXC9jb3J0ZWxhenppLmN6XC93cC1jb250ZW50XC91cGxvYWRzXC8yMDIwXC8wOFwvTmR1amEtMTMwZy0xLmpwZyIsInNsaWRlc2hvdyI6IjA0MTU2ZDMifQ%3D%3D\" href='https:\/\/cortelazzi.cz\/wp-content\/uploads\/2020\/08\/Nduja-130g-1.jpg'><img loading=\"lazy\" decoding=\"async\" width=\"300\" height=\"300\" src=\"https:\/\/cortelazzi.cz\/wp-content\/uploads\/2020\/08\/Nduja-130g-1-300x300.jpg\" class=\"attachment-medium size-medium\" alt=\"\" aria-describedby=\"gallery-1-21700\" srcset=\"https:\/\/cortelazzi.cz\/wp-content\/uploads\/2020\/08\/Nduja-130g-1-300x300.jpg 300w, https:\/\/cortelazzi.cz\/wp-content\/uploads\/2020\/08\/Nduja-130g-1-150x150.jpg 150w, https:\/\/cortelazzi.cz\/wp-content\/uploads\/2020\/08\/Nduja-130g-1-100x100.jpg 100w, https:\/\/cortelazzi.cz\/wp-content\/uploads\/2020\/08\/Nduja-130g-1.jpg 500w\" sizes=\"(max-width: 300px) 100vw, 300px\" \/><\/a>\n\t\t\t<\/div>\n\t\t\t\t<figcaption class='wp-caption-text gallery-caption' id='gallery-1-21700'>\n\t\t\t\t&#8216;Nduja 130g\n\t\t\t\t<\/figcaption><\/figure><figure class='gallery-item'>\n\t\t\t<div class='gallery-icon landscape'>\n\t\t\t\t<a data-elementor-open-lightbox=\"yes\" data-elementor-lightbox-slideshow=\"04156d3\" data-elementor-lightbox-title=\"Porcini Interi in Vetro 540g\" data-e-action-hash=\"#elementor-action%3Aaction%3Dlightbox%26settings%3DeyJpZCI6MjE3MDQsInVybCI6Imh0dHBzOlwvXC9jb3J0ZWxhenppLmN6XC93cC1jb250ZW50XC91cGxvYWRzXC8yMDIwXC8wOFwvUG9yY2luaS1JbnRlcmktaW4tVmV0cm8tNTQwZy0xLmpwZyIsInNsaWRlc2hvdyI6IjA0MTU2ZDMifQ%3D%3D\" href='https:\/\/cortelazzi.cz\/wp-content\/uploads\/2020\/08\/Porcini-Interi-in-Vetro-540g-1.jpg'><img loading=\"lazy\" decoding=\"async\" width=\"300\" height=\"300\" src=\"https:\/\/cortelazzi.cz\/wp-content\/uploads\/2020\/08\/Porcini-Interi-in-Vetro-540g-1-300x300.jpg\" class=\"attachment-medium size-medium\" alt=\"\" aria-describedby=\"gallery-1-21704\" srcset=\"https:\/\/cortelazzi.cz\/wp-content\/uploads\/2020\/08\/Porcini-Interi-in-Vetro-540g-1-300x300.jpg 300w, https:\/\/cortelazzi.cz\/wp-content\/uploads\/2020\/08\/Porcini-Interi-in-Vetro-540g-1-150x150.jpg 150w, https:\/\/cortelazzi.cz\/wp-content\/uploads\/2020\/08\/Porcini-Interi-in-Vetro-540g-1-100x100.jpg 100w, https:\/\/cortelazzi.cz\/wp-content\/uploads\/2020\/08\/Porcini-Interi-in-Vetro-540g-1.jpg 500w\" sizes=\"(max-width: 300px) 100vw, 300px\" \/><\/a>\n\t\t\t<\/div>\n\t\t\t\t<figcaption class='wp-caption-text gallery-caption' id='gallery-1-21704'>\n\t\t\t\tPorcini Interi in Vetro 540g\n\t\t\t\t<\/figcaption><\/figure><figure class='gallery-item'>\n\t\t\t<div class='gallery-icon landscape'>\n\t\t\t\t<a data-elementor-open-lightbox=\"yes\" data-elementor-lightbox-slideshow=\"04156d3\" data-elementor-lightbox-title=\"prodotti sito_0003_Tonnox2\" data-e-action-hash=\"#elementor-action%3Aaction%3Dlightbox%26settings%3DeyJpZCI6MjE3MDgsInVybCI6Imh0dHBzOlwvXC9jb3J0ZWxhenppLmN6XC93cC1jb250ZW50XC91cGxvYWRzXC8yMDIwXC8wOFwvcHJvZG90dGktc2l0b18wMDAzX1Rvbm5veDItMS5qcGciLCJzbGlkZXNob3ciOiIwNDE1NmQzIn0%3D\" href='https:\/\/cortelazzi.cz\/wp-content\/uploads\/2020\/08\/prodotti-sito_0003_Tonnox2-1.jpg'><img loading=\"lazy\" decoding=\"async\" width=\"300\" height=\"300\" src=\"https:\/\/cortelazzi.cz\/wp-content\/uploads\/2020\/08\/prodotti-sito_0003_Tonnox2-1-300x300.jpg\" class=\"attachment-medium size-medium\" alt=\"\" aria-describedby=\"gallery-1-21708\" srcset=\"https:\/\/cortelazzi.cz\/wp-content\/uploads\/2020\/08\/prodotti-sito_0003_Tonnox2-1-300x300.jpg 300w, https:\/\/cortelazzi.cz\/wp-content\/uploads\/2020\/08\/prodotti-sito_0003_Tonnox2-1-150x150.jpg 150w, https:\/\/cortelazzi.cz\/wp-content\/uploads\/2020\/08\/prodotti-sito_0003_Tonnox2-1-100x100.jpg 100w, https:\/\/cortelazzi.cz\/wp-content\/uploads\/2020\/08\/prodotti-sito_0003_Tonnox2-1.jpg 500w\" sizes=\"(max-width: 300px) 100vw, 300px\" \/><\/a>\n\t\t\t<\/div>\n\t\t\t\t<figcaption class='wp-caption-text gallery-caption' id='gallery-1-21708'>\n\t\t\t\tIl Tonno all&#8217;Olio d&#8217;Oliva\n\t\t\t\t<\/figcaption><\/figure><figure class='gallery-item'>\n\t\t\t<div class='gallery-icon landscape'>\n\t\t\t\t<a data-elementor-open-lightbox=\"yes\" data-elementor-lightbox-slideshow=\"04156d3\" data-elementor-lightbox-title=\"prodotti sito_0004_Filettitonno\" data-e-action-hash=\"#elementor-action%3Aaction%3Dlightbox%26settings%3DeyJpZCI6MjE3MTIsInVybCI6Imh0dHBzOlwvXC9jb3J0ZWxhenppLmN6XC93cC1jb250ZW50XC91cGxvYWRzXC8yMDIwXC8wOFwvcHJvZG90dGktc2l0b18wMDA0X0ZpbGV0dGl0b25uby0xLmpwZyIsInNsaWRlc2hvdyI6IjA0MTU2ZDMifQ%3D%3D\" href='https:\/\/cortelazzi.cz\/wp-content\/uploads\/2020\/08\/prodotti-sito_0004_Filettitonno-1.jpg'><img loading=\"lazy\" decoding=\"async\" width=\"300\" height=\"300\" src=\"https:\/\/cortelazzi.cz\/wp-content\/uploads\/2020\/08\/prodotti-sito_0004_Filettitonno-1-300x300.jpg\" class=\"attachment-medium size-medium\" alt=\"\" aria-describedby=\"gallery-1-21712\" srcset=\"https:\/\/cortelazzi.cz\/wp-content\/uploads\/2020\/08\/prodotti-sito_0004_Filettitonno-1-300x300.jpg 300w, https:\/\/cortelazzi.cz\/wp-content\/uploads\/2020\/08\/prodotti-sito_0004_Filettitonno-1-150x150.jpg 150w, https:\/\/cortelazzi.cz\/wp-content\/uploads\/2020\/08\/prodotti-sito_0004_Filettitonno-1-100x100.jpg 100w, https:\/\/cortelazzi.cz\/wp-content\/uploads\/2020\/08\/prodotti-sito_0004_Filettitonno-1.jpg 500w\" sizes=\"(max-width: 300px) 100vw, 300px\" \/><\/a>\n\t\t\t<\/div>\n\t\t\t\t<figcaption class='wp-caption-text gallery-caption' id='gallery-1-21712'>\n\t\t\t\tI Filetti di Tonno all&#8217;Olio d&#8217;Oliva\n\t\t\t\t<\/figcaption><\/figure><figure class='gallery-item'>\n\t\t\t<div class='gallery-icon landscape'>\n\t\t\t\t<a data-elementor-open-lightbox=\"yes\" data-elementor-lightbox-slideshow=\"04156d3\" data-elementor-lightbox-title=\"Salsa di Cipolle di Tropea IGP Caramellate 150g\" data-e-action-hash=\"#elementor-action%3Aaction%3Dlightbox%26settings%3DeyJpZCI6MjE3MTYsInVybCI6Imh0dHBzOlwvXC9jb3J0ZWxhenppLmN6XC93cC1jb250ZW50XC91cGxvYWRzXC8yMDIwXC8wOFwvU2Fsc2EtZGktQ2lwb2xsZS1kaS1Ucm9wZWEtSUdQLUNhcmFtZWxsYXRlLTE1MGctMS5qcGciLCJzbGlkZXNob3ciOiIwNDE1NmQzIn0%3D\" href='https:\/\/cortelazzi.cz\/wp-content\/uploads\/2020\/08\/Salsa-di-Cipolle-di-Tropea-IGP-Caramellate-150g-1.jpg'><img loading=\"lazy\" decoding=\"async\" width=\"300\" height=\"300\" src=\"https:\/\/cortelazzi.cz\/wp-content\/uploads\/2020\/08\/Salsa-di-Cipolle-di-Tropea-IGP-Caramellate-150g-1-300x300.jpg\" class=\"attachment-medium size-medium\" alt=\"\" aria-describedby=\"gallery-1-21716\" srcset=\"https:\/\/cortelazzi.cz\/wp-content\/uploads\/2020\/08\/Salsa-di-Cipolle-di-Tropea-IGP-Caramellate-150g-1-300x300.jpg 300w, https:\/\/cortelazzi.cz\/wp-content\/uploads\/2020\/08\/Salsa-di-Cipolle-di-Tropea-IGP-Caramellate-150g-1-150x150.jpg 150w, https:\/\/cortelazzi.cz\/wp-content\/uploads\/2020\/08\/Salsa-di-Cipolle-di-Tropea-IGP-Caramellate-150g-1-100x100.jpg 100w, https:\/\/cortelazzi.cz\/wp-content\/uploads\/2020\/08\/Salsa-di-Cipolle-di-Tropea-IGP-Caramellate-150g-1.jpg 500w\" sizes=\"(max-width: 300px) 100vw, 300px\" \/><\/a>\n\t\t\t<\/div>\n\t\t\t\t<figcaption class='wp-caption-text gallery-caption' id='gallery-1-21716'>\n\t\t\t\tSalsa di Cipolle di Tropea IGP Caramellate 150g\n\t\t\t\t<\/figcaption><\/figure>\n\t\t<\/div>\n\t\t<\/div>\n\t\t\t\t\t\t<\/div>\n\t\t\t\t<\/div>\n\t\t\t\t\t<\/div>\n\t\t<\/div>\n\t\t\t\t\t<\/div>\n\t\t<\/section>\n\t\t\t\t<section class=\"elementor-section elementor-top-section elementor-element elementor-element-9c11499 elementor-section-boxed elementor-section-height-default elementor-section-height-default\" data-id=\"9c11499\" data-element_type=\"section\" id=\"dove\" data-settings=\"{&quot;background_background&quot;:&quot;classic&quot;}\">\n\t\t\t\t\t\t<div class=\"elementor-container elementor-column-gap-default\">\n\t\t\t\t\t<div class=\"elementor-column elementor-col-50 elementor-top-column elementor-element elementor-element-37495a61 elementor-invisible\" data-id=\"37495a61\" data-element_type=\"column\" data-settings=\"{&quot;animation&quot;:&quot;fadeIn&quot;}\">\n\t\t\t<div class=\"elementor-widget-wrap elementor-element-populated\">\n\t\t\t\t\t\t<div class=\"elementor-element elementor-element-64fda403 elementor-invisible elementor-widget elementor-widget-image\" data-id=\"64fda403\" data-element_type=\"widget\" data-settings=\"{&quot;_animation&quot;:&quot;fadeInUp&quot;}\" data-widget_type=\"image.default\">\n\t\t\t\t<div class=\"elementor-widget-container\">\n\t\t\t\t\t\t\t\t\t\t\t\t\t\t\t<img loading=\"lazy\" decoding=\"async\" width=\"536\" height=\"469\" src=\"https:\/\/cortelazzi.cz\/wp-content\/uploads\/2025\/05\/presidente-cortelazzi-vieni-a-trovarci.jpg\" class=\"attachment-full size-full wp-image-20722\" alt=\"\" srcset=\"https:\/\/cortelazzi.cz\/wp-content\/uploads\/2025\/05\/presidente-cortelazzi-vieni-a-trovarci.jpg 536w, https:\/\/cortelazzi.cz\/wp-content\/uploads\/2025\/05\/presidente-cortelazzi-vieni-a-trovarci-300x263.jpg 300w\" sizes=\"(max-width: 536px) 100vw, 536px\" \/>\t\t\t\t\t\t\t\t\t\t\t\t\t\t\t<\/div>\n\t\t\t\t<\/div>\n\t\t\t\t\t<\/div>\n\t\t<\/div>\n\t\t\t\t<div class=\"elementor-column elementor-col-50 elementor-top-column elementor-element elementor-element-77502aee elementor-invisible\" data-id=\"77502aee\" data-element_type=\"column\" data-settings=\"{&quot;animation&quot;:&quot;fadeIn&quot;}\">\n\t\t\t<div class=\"elementor-widget-wrap elementor-element-populated\">\n\t\t\t\t\t\t<div class=\"elementor-element elementor-element-624362ab fontbig elementor-widget elementor-widget-heading\" data-id=\"624362ab\" data-element_type=\"widget\" data-widget_type=\"heading.default\">\n\t\t\t\t<div class=\"elementor-widget-container\">\n\t\t\t\t\t<h3 class=\"elementor-heading-title elementor-size-default\">Nav\u0161tivte n\u00e1s a objevte pravou italskou kvalitu<\/h3>\t\t\t\t<\/div>\n\t\t\t\t<\/div>\n\t\t\t\t<div class=\"elementor-element elementor-element-698aa1a6 elementor-widget elementor-widget-text-editor\" data-id=\"698aa1a6\" data-element_type=\"widget\" data-widget_type=\"text-editor.default\">\n\t\t\t\t<div class=\"elementor-widget-container\">\n\t\t\t\t\t\t\t\t\t<p><strong>Pr\u00e9miov\u00e9 italsk\u00e9 v\u00fdrobky La Rosa dei Gusti<\/strong>\u00a0na v\u00e1s \u010dekaj\u00ed v na\u0161\u00ed prodejn\u011b Cortelazzi v Praze. Objevte pot\u011b\u0161en\u00ed z uv\u011bdom\u011bl\u00e9ho a rafinovan\u00e9ho nakupov\u00e1n\u00ed: kvalitu, cenovou dostupnost a l\u00e1sku k autentick\u00fdm potravin\u00e1m.\u00a0 Pod\u00edvejte se, kde se nach\u00e1z\u00edme na map\u011b, a p\u0159ij\u010fte objevit v\u0161echny v\u00fdrobky La Rosa dei Gusti<\/p>\t\t\t\t\t\t\t\t<\/div>\n\t\t\t\t<\/div>\n\t\t\t\t<div class=\"elementor-element elementor-element-399145fd elementor-align-left elementor-mobile-align-center scroll icon-effect-yes elementor-widget elementor-widget-button\" data-id=\"399145fd\" data-element_type=\"widget\" data-widget_type=\"button.default\">\n\t\t\t\t<div class=\"elementor-widget-container\">\n\t\t\t\t\t\t\t\t\t<div class=\"elementor-button-wrapper\">\n\t\t\t\t\t<a class=\"elementor-button elementor-button-link elementor-size-sm\" href=\"https:\/\/maps.app.goo.gl\/wLJfKQi8VxPB9Dci6\" target=\"_blank\">\n\t\t\t\t\t\t<span class=\"elementor-button-content-wrapper\">\n\t\t\t\t\t\t\t\t\t<span class=\"elementor-button-text\">ZJIST\u011aTE, KDE JE NAJDETE<\/span>\n\t\t\t\t\t<\/span>\n\t\t\t\t\t<\/a>\n\t\t\t\t<\/div>\n\t\t\t\t\t\t\t\t<\/div>\n\t\t\t\t<\/div>\n\t\t\t\t\t<\/div>\n\t\t<\/div>\n\t\t\t\t\t<\/div>\n\t\t<\/section>\n\t\t\t\t<\/div>\n\t\t","protected":false},"excerpt":{"rendered":"<p>Nakl\u00e1dan\u00e1 zelenina v octu a oleji Ide\u00e1ln\u00ed pro chu\u0165ov\u00e9 poh\u00e1rky La Rosa dei Gusti nab\u00edz\u00ed nakl\u00e1dan\u00e9 a konzervovan\u00e9 produkty, kter\u00e9 jsou pe\u010dliv\u011b p\u0159ipravov\u00e1ny ru\u010dn\u011b z \u010derstv\u00fdch surovin.Intenzivn\u00ed chut\u011b a k\u0159upav\u00e1 konzistence p\u0159in\u00e1\u0161ej\u00ed na st\u016fl to nejlep\u0161\u00ed z italsk\u00e9 tradice.Jsou ide\u00e1ln\u00ed jako p\u0159edkrm, p\u0159\u00edloha nebo chutn\u00fd dopln\u011bk k jak\u00e9koli p\u0159\u00edle\u017eitosti Acciughe del Cantabrico 48g Acciughe del [&hellip;]<\/p>\n","protected":false},"author":1,"featured_media":0,"parent":18826,"menu_order":0,"comment_status":"closed","ping_status":"closed","template":"","meta":{"inline_featured_image":false,"footnotes":"","_links_to":"","_links_to_target":""},"class_list":["post-21014","page","type-page","status-publish","hentry"],"yoast_head":"<!-- This site is optimized with the Yoast SEO plugin v27.5 - https:\/\/yoast.com\/product\/yoast-seo-wordpress\/ -->\n<title>La Rosa dei Gusti | Prodotti italiani premium per te<\/title>\n<meta name=\"description\" content=\"Scopri La Rosa dei Gusti: prodotti italiani premium, autentici e di qualit\u00e0. Esperienze culinarie che uniscono tradizione, creativit\u00e0 e benessere ogni giorno.\" \/>\n<meta name=\"robots\" content=\"index, follow, max-snippet:-1, max-image-preview:large, max-video-preview:-1\" \/>\n<link rel=\"canonical\" href=\"https:\/\/cortelazzi.cz\/cs\/produkty-la-rosa-dei-gusti\/nakladana-zelenina-v-octu-a-oleji\/\" \/>\n<meta property=\"og:locale\" content=\"cs_CZ\" \/>\n<meta property=\"og:type\" content=\"article\" \/>\n<meta property=\"og:title\" content=\"La Rosa dei Gusti | Prodotti italiani premium per te\" \/>\n<meta property=\"og:description\" content=\"Scopri La Rosa dei Gusti: prodotti italiani premium, autentici e di qualit\u00e0. Esperienze culinarie che uniscono tradizione, creativit\u00e0 e benessere ogni giorno.\" \/>\n<meta property=\"og:url\" content=\"https:\/\/cortelazzi.cz\/cs\/produkty-la-rosa-dei-gusti\/nakladana-zelenina-v-octu-a-oleji\/\" \/>\n<meta property=\"og:site_name\" content=\"Cortelazzi\" \/>\n<meta property=\"article:modified_time\" content=\"2025-07-30T09:19:03+00:00\" \/>\n<meta name=\"twitter:card\" content=\"summary_large_image\" \/>\n<meta name=\"twitter:label1\" content=\"Odhadovan\u00e1 doba \u010dten\u00ed\" \/>\n\t<meta name=\"twitter:data1\" content=\"5 minut\" \/>\n<script type=\"application\/ld+json\" class=\"yoast-schema-graph\">{\"@context\":\"https:\\\/\\\/schema.org\",\"@graph\":[{\"@type\":\"WebPage\",\"@id\":\"https:\\\/\\\/cortelazzi.cz\\\/cs\\\/produkty-la-rosa-dei-gusti\\\/nakladana-zelenina-v-octu-a-oleji\\\/\",\"url\":\"https:\\\/\\\/cortelazzi.cz\\\/cs\\\/produkty-la-rosa-dei-gusti\\\/nakladana-zelenina-v-octu-a-oleji\\\/\",\"name\":\"La Rosa dei Gusti | Prodotti italiani premium per te\",\"isPartOf\":{\"@id\":\"https:\\\/\\\/cortelazzi.cz\\\/#website\"},\"primaryImageOfPage\":{\"@id\":\"https:\\\/\\\/cortelazzi.cz\\\/cs\\\/produkty-la-rosa-dei-gusti\\\/nakladana-zelenina-v-octu-a-oleji\\\/#primaryimage\"},\"image\":{\"@id\":\"https:\\\/\\\/cortelazzi.cz\\\/cs\\\/produkty-la-rosa-dei-gusti\\\/nakladana-zelenina-v-octu-a-oleji\\\/#primaryimage\"},\"thumbnailUrl\":\"https:\\\/\\\/cortelazzi.cz\\\/wp-content\\\/uploads\\\/2025\\\/05\\\/marchio-la-rosa-del-gusto.svg\",\"datePublished\":\"2025-06-13T08:24:25+00:00\",\"dateModified\":\"2025-07-30T09:19:03+00:00\",\"description\":\"Scopri La Rosa dei Gusti: prodotti italiani premium, autentici e di qualit\u00e0. Esperienze culinarie che uniscono tradizione, creativit\u00e0 e benessere ogni giorno.\",\"breadcrumb\":{\"@id\":\"https:\\\/\\\/cortelazzi.cz\\\/cs\\\/produkty-la-rosa-dei-gusti\\\/nakladana-zelenina-v-octu-a-oleji\\\/#breadcrumb\"},\"inLanguage\":\"cs\",\"potentialAction\":[{\"@type\":\"ReadAction\",\"target\":[\"https:\\\/\\\/cortelazzi.cz\\\/cs\\\/produkty-la-rosa-dei-gusti\\\/nakladana-zelenina-v-octu-a-oleji\\\/\"]}]},{\"@type\":\"ImageObject\",\"inLanguage\":\"cs\",\"@id\":\"https:\\\/\\\/cortelazzi.cz\\\/cs\\\/produkty-la-rosa-dei-gusti\\\/nakladana-zelenina-v-octu-a-oleji\\\/#primaryimage\",\"url\":\"https:\\\/\\\/cortelazzi.cz\\\/wp-content\\\/uploads\\\/2025\\\/05\\\/marchio-la-rosa-del-gusto.svg\",\"contentUrl\":\"https:\\\/\\\/cortelazzi.cz\\\/wp-content\\\/uploads\\\/2025\\\/05\\\/marchio-la-rosa-del-gusto.svg\"},{\"@type\":\"BreadcrumbList\",\"@id\":\"https:\\\/\\\/cortelazzi.cz\\\/cs\\\/produkty-la-rosa-dei-gusti\\\/nakladana-zelenina-v-octu-a-oleji\\\/#breadcrumb\",\"itemListElement\":[{\"@type\":\"ListItem\",\"position\":1,\"name\":\"Home\",\"item\":\"https:\\\/\\\/cortelazzi.cz\\\/cs\\\/\"},{\"@type\":\"ListItem\",\"position\":2,\"name\":\"Produkty La Rosa dei gusti\",\"item\":\"https:\\\/\\\/cortelazzi.cz\\\/cs\\\/produkty-la-rosa-dei-gusti\\\/\"},{\"@type\":\"ListItem\",\"position\":3,\"name\":\"Nakl\u00e1dan\u00e1 zelenina v octu a oleji &#8211; La Rosa dei gusti\"}]},{\"@type\":\"WebSite\",\"@id\":\"https:\\\/\\\/cortelazzi.cz\\\/#website\",\"url\":\"https:\\\/\\\/cortelazzi.cz\\\/\",\"name\":\"Cortelazzi\",\"description\":\"Food service\",\"potentialAction\":[{\"@type\":\"SearchAction\",\"target\":{\"@type\":\"EntryPoint\",\"urlTemplate\":\"https:\\\/\\\/cortelazzi.cz\\\/?s={search_term_string}\"},\"query-input\":{\"@type\":\"PropertyValueSpecification\",\"valueRequired\":true,\"valueName\":\"search_term_string\"}}],\"inLanguage\":\"cs\"}]}<\/script>\n<!-- \/ Yoast SEO plugin. -->","yoast_head_json":{"title":"La Rosa dei Gusti | Prodotti italiani premium per te","description":"Scopri La Rosa dei Gusti: prodotti italiani premium, autentici e di qualit\u00e0. Esperienze culinarie che uniscono tradizione, creativit\u00e0 e benessere ogni giorno.","robots":{"index":"index","follow":"follow","max-snippet":"max-snippet:-1","max-image-preview":"max-image-preview:large","max-video-preview":"max-video-preview:-1"},"canonical":"https:\/\/cortelazzi.cz\/cs\/produkty-la-rosa-dei-gusti\/nakladana-zelenina-v-octu-a-oleji\/","og_locale":"cs_CZ","og_type":"article","og_title":"La Rosa dei Gusti | Prodotti italiani premium per te","og_description":"Scopri La Rosa dei Gusti: prodotti italiani premium, autentici e di qualit\u00e0. Esperienze culinarie che uniscono tradizione, creativit\u00e0 e benessere ogni giorno.","og_url":"https:\/\/cortelazzi.cz\/cs\/produkty-la-rosa-dei-gusti\/nakladana-zelenina-v-octu-a-oleji\/","og_site_name":"Cortelazzi","article_modified_time":"2025-07-30T09:19:03+00:00","twitter_card":"summary_large_image","twitter_misc":{"Odhadovan\u00e1 doba \u010dten\u00ed":"5 minut"},"schema":{"@context":"https:\/\/schema.org","@graph":[{"@type":"WebPage","@id":"https:\/\/cortelazzi.cz\/cs\/produkty-la-rosa-dei-gusti\/nakladana-zelenina-v-octu-a-oleji\/","url":"https:\/\/cortelazzi.cz\/cs\/produkty-la-rosa-dei-gusti\/nakladana-zelenina-v-octu-a-oleji\/","name":"La Rosa dei Gusti | Prodotti italiani premium per te","isPartOf":{"@id":"https:\/\/cortelazzi.cz\/#website"},"primaryImageOfPage":{"@id":"https:\/\/cortelazzi.cz\/cs\/produkty-la-rosa-dei-gusti\/nakladana-zelenina-v-octu-a-oleji\/#primaryimage"},"image":{"@id":"https:\/\/cortelazzi.cz\/cs\/produkty-la-rosa-dei-gusti\/nakladana-zelenina-v-octu-a-oleji\/#primaryimage"},"thumbnailUrl":"https:\/\/cortelazzi.cz\/wp-content\/uploads\/2025\/05\/marchio-la-rosa-del-gusto.svg","datePublished":"2025-06-13T08:24:25+00:00","dateModified":"2025-07-30T09:19:03+00:00","description":"Scopri La Rosa dei Gusti: prodotti italiani premium, autentici e di qualit\u00e0. Esperienze culinarie che uniscono tradizione, creativit\u00e0 e benessere ogni giorno.","breadcrumb":{"@id":"https:\/\/cortelazzi.cz\/cs\/produkty-la-rosa-dei-gusti\/nakladana-zelenina-v-octu-a-oleji\/#breadcrumb"},"inLanguage":"cs","potentialAction":[{"@type":"ReadAction","target":["https:\/\/cortelazzi.cz\/cs\/produkty-la-rosa-dei-gusti\/nakladana-zelenina-v-octu-a-oleji\/"]}]},{"@type":"ImageObject","inLanguage":"cs","@id":"https:\/\/cortelazzi.cz\/cs\/produkty-la-rosa-dei-gusti\/nakladana-zelenina-v-octu-a-oleji\/#primaryimage","url":"https:\/\/cortelazzi.cz\/wp-content\/uploads\/2025\/05\/marchio-la-rosa-del-gusto.svg","contentUrl":"https:\/\/cortelazzi.cz\/wp-content\/uploads\/2025\/05\/marchio-la-rosa-del-gusto.svg"},{"@type":"BreadcrumbList","@id":"https:\/\/cortelazzi.cz\/cs\/produkty-la-rosa-dei-gusti\/nakladana-zelenina-v-octu-a-oleji\/#breadcrumb","itemListElement":[{"@type":"ListItem","position":1,"name":"Home","item":"https:\/\/cortelazzi.cz\/cs\/"},{"@type":"ListItem","position":2,"name":"Produkty La Rosa dei gusti","item":"https:\/\/cortelazzi.cz\/cs\/produkty-la-rosa-dei-gusti\/"},{"@type":"ListItem","position":3,"name":"Nakl\u00e1dan\u00e1 zelenina v octu a oleji &#8211; La Rosa dei gusti"}]},{"@type":"WebSite","@id":"https:\/\/cortelazzi.cz\/#website","url":"https:\/\/cortelazzi.cz\/","name":"Cortelazzi","description":"Food service","potentialAction":[{"@type":"SearchAction","target":{"@type":"EntryPoint","urlTemplate":"https:\/\/cortelazzi.cz\/?s={search_term_string}"},"query-input":{"@type":"PropertyValueSpecification","valueRequired":true,"valueName":"search_term_string"}}],"inLanguage":"cs"}]}},"jetpack_sharing_enabled":true,"_links":{"self":[{"href":"https:\/\/cortelazzi.cz\/cs\/wp-json\/wp\/v2\/pages\/21014","targetHints":{"allow":["GET"]}}],"collection":[{"href":"https:\/\/cortelazzi.cz\/cs\/wp-json\/wp\/v2\/pages"}],"about":[{"href":"https:\/\/cortelazzi.cz\/cs\/wp-json\/wp\/v2\/types\/page"}],"author":[{"embeddable":true,"href":"https:\/\/cortelazzi.cz\/cs\/wp-json\/wp\/v2\/users\/1"}],"replies":[{"embeddable":true,"href":"https:\/\/cortelazzi.cz\/cs\/wp-json\/wp\/v2\/comments?post=21014"}],"version-history":[{"count":10,"href":"https:\/\/cortelazzi.cz\/cs\/wp-json\/wp\/v2\/pages\/21014\/revisions"}],"predecessor-version":[{"id":23732,"href":"https:\/\/cortelazzi.cz\/cs\/wp-json\/wp\/v2\/pages\/21014\/revisions\/23732"}],"up":[{"embeddable":true,"href":"https:\/\/cortelazzi.cz\/cs\/wp-json\/wp\/v2\/pages\/18826"}],"wp:attachment":[{"href":"https:\/\/cortelazzi.cz\/cs\/wp-json\/wp\/v2\/media?parent=21014"}],"curies":[{"name":"wp","href":"https:\/\/api.w.org\/{rel}","templated":true}]}}